{"id":36,"date":"2021-04-02T13:02:08","date_gmt":"2021-04-02T12:02:08","guid":{"rendered":"https:\/\/asv.pt\/?page_id=36"},"modified":"2025-11-01T19:39:39","modified_gmt":"2025-11-01T19:39:39","slug":"portratfotografie","status":"publish","type":"page","link":"https:\/\/asv.pt\/de\/portrait-photography\/","title":{"rendered":"Portr\u00e4tfotografie"},"content":{"rendered":"<div class=\"et_pb_section_0 et_pb_section et_pb_fullwidth_section et_section_regular et_block_section sfly_hero sfly_hero_1\"><section class=\"et_pb_fullwidth_header_0 et_pb_fullwidth_header et_pb_fullscreen et_pb_bg_layout_dark et_pb_text_align_center et_animated et_pb_section_parallax et_pb_module et_flex_module sfly_fullwidth_header\"><span class=\"et-pb-parallax-wrapper\"><span class=\"et-pb-parallax-background et-pb-parallax-background-module--divi-fullwidth-header-0\" style=\"background-image:url(https:\/\/asv.pt\/wp-content\/uploads\/2021\/04\/SteffiKiss_close.jpg)\"><\/span><\/span><div class=\"et_pb_fullwidth_header_container center\"><div class=\"header-content-container center\"><div class=\"header-content et_flex_module\"><h1 class=\"et_pb_module_header\">Portr\u00e4tfotografie<\/h1><div class=\"et_pb_header_content_wrapper\"><p>Ich liebe es, Kopfsch\u00fcsse zu machen!<\/p>\n<\/div><div class=\"et_pb_header_button_wrapper\"><\/div><\/div><\/div><\/div><div class=\"et_pb_fullwidth_header_overlay\"><\/div><div class=\"et_pb_fullwidth_header_scroll\"><a class=\"scroll-down-container\" href=\"#\"><span class=\"scroll-down et-pb-icon\">;<\/span><\/a><\/div><\/section><\/div><div class=\"et_pb_section_1 et_pb_section et_section_regular et_block_section sfly_general sfly_general_8\"><div class=\"et_pb_row_0 et_pb_row et_pb_equal_columns et_pb_gutters1 et_block_row et_pb_row_fullwidth\"><div class=\"et_pb_column_0 et_pb_column et_pb_column_1_2 et_block_column et_pb_css_mix_blend_mode_passthrough column1\"><div class=\"et_pb_divider_0 et_pb_divider et_pb_space et_pb_divider_position_top et_pb_module divider_spacer\"><div class=\"et_pb_divider_internal\"><\/div><\/div><\/div><div class=\"et_pb_column_1 et_pb_column et_pb_column_1_2 et-last-child et_block_column et_pb_css_mix_blend_mode_passthrough column2\"><div class=\"et_pb_text_0 et_pb_text et_pb_bg_layout_light et_pb_module et_flex_module preset--module--divi-text--default\"><div class=\"et_pb_text_inner\"><h2>Menschen. Pers\u00f6nlichkeiten. Marken. Geschichten. Momente.<\/h2>\n<p>Ich habe immer das Ziel vor Augen, authentische Bilder zu schaffen, die den Betrachter ber\u00fchren. Die Arbeit mit Menschen vor der Kamera ist die gr\u00f6\u00dfte Freude und eine tolle M\u00f6glichkeit, gemeinsam viel zu entdecken. Jeder Moment ist etwas Besonderes und Einzigartiges, und so sind auch die entstandenen Bilder.<\/p>\n<\/div><\/div><\/div><\/div><\/div><div class=\"et_pb_section_2 et_pb_section et_section_regular et_block_section sfly_general sfly_general_9\"><div class=\"et_pb_row_1 et_pb_row et_pb_equal_columns et_pb_gutters1 et_block_row sfly_column_switch et_pb_row_fullwidth\"><div class=\"et_pb_column_2 et_pb_column et_pb_column_1_2 et_block_column et_pb_css_mix_blend_mode_passthrough column1\"><div class=\"et_pb_text_1 et_pb_text et_pb_bg_layout_dark et_pb_module et_flex_module preset--module--divi-text--default\"><div class=\"et_pb_text_inner\"><h2>jeder braucht ein Portr\u00e4tfoto<\/h2>\n<p>Ein Portr\u00e4tfoto muss einfach sehr gut sein.<br \/>Meine Portr\u00e4ts sind f\u00fcr Menschen, die mehr wollen als ein einfaches Foto aus einem Automaten. Wenn Sie sich f\u00fcr mich entscheiden, werden wir gemeinsam Bilder machen, die Ihre wahre Pers\u00f6nlichkeit zeigen.<\/p>\n<p>Bei mir ist die Portr\u00e4tfotografie sehr informell. Ich bin ein einfacher Typ und ich kann Ihnen versichern, dass wir eine gute Zeit haben werden. Gemeinsam machen wir Bilder, die kreativ, besonders und anders sein k\u00f6nnen. Es h\u00e4ngt davon ab, was Sie zeigen wollen.<\/p>\n<\/div><\/div><div class=\"et_pb_module et_pb_button_module_wrapper et_pb_button_0_wrapper\"><a class=\"et_pb_button_0 et_pb_button et_pb_bg_layout_light et_animated et_pb_module et_flex_module\" href=\"https:\/\/asv.pt\/de\/kontakt\/\">Ich brauche auch ein Portr\u00e4t!<\/a><\/div><\/div><div class=\"et_pb_column_3 et_pb_column et_pb_column_1_2 et-last-child et_block_column et_pb_css_mix_blend_mode_passthrough column2\"><div class=\"et_pb_divider_1 et_pb_divider et_pb_space et_pb_divider_position_top et_pb_module divider_spacer\"><div class=\"et_pb_divider_internal\"><\/div><\/div><\/div><\/div><\/div><div class=\"et_pb_section_3 et_pb_section et_section_regular et_block_section sfly_feature sfly_feature_7\"><div class=\"et_pb_row_2 et_pb_row et_block_row et_animated\"><div class=\"et_pb_column_4 et_pb_column et_pb_column_1_3 et_block_column et_pb_css_mix_blend_mode_passthrough column1\"><div class=\"et_pb_image_0 et_pb_image et_animated et_pb_module et_flex_module preset--module--divi-image--default\"><span class=\"et_pb_image_wrap\"><img decoding=\"async\" src=\"https:\/\/asv.pt\/wp-content\/uploads\/2021\/04\/Keylene.jpg\" alt=\"Portr\u00e4tfotografie\" title=\"Portr\u00e4tfotografie\" width=\"1536\" height=\"2048\" class=\"wp-image-712\" \/><\/span><\/div><\/div><div class=\"et_pb_column_5 et_pb_column et_pb_column_2_3 et-last-child et_block_column et_pb_css_mix_blend_mode_passthrough column2\"><div class=\"et_pb_text_2 et_pb_text et_pb_bg_layout_light et_animated et_pb_module et_flex_module preset--module--divi-text--default\"><div class=\"et_pb_text_inner\"><h2>Au\u00dfergew\u00f6hnlich, authentisch und visuell ansprechend<\/h2>\n<p>Ein weiterer Schwerpunkt meiner Arbeit ist die Image- und Werbefotografie f\u00fcr Unternehmen. Nat\u00fcrlichkeit, Menschlichkeit und Emotionen - das sind Qualit\u00e4ten, die Bilder lebendig werden lassen, andere Menschen erreichen und mir in meinem Fotostil besonders wichtig sind. Der Mensch steht im Vordergrund - ich m\u00f6chte Menschen und Unternehmen aus meinem Blickwinkel fotografieren und so authentisch und individuell kommunizieren.<\/p>\n<blockquote>\n<p>Es war ein aufregendes und unerwartetes Vergn\u00fcgen, dass Marc mein Portr\u00e4t gemacht hat. (Kaylene Peoples, Chefredakteurin des Agenda Magazine)<\/p>\n<\/blockquote>\n<p>F\u00fcr mich als Fotografin sind die aufregendsten Shootings die mit Kunden, die sich gehen lassen, die sich selbst annehmen und alles auf sich beruhen lassen, um verletzlich zu sein - das sind die sch\u00f6nsten Bilder, die ich machen kann.<\/p>\n<\/div><\/div><div class=\"et_pb_module et_pb_button_module_wrapper et_pb_button_1_wrapper\"><a class=\"et_pb_button_1 et_pb_button et_pb_bg_layout_light et_animated et_pb_module et_flex_module\" href=\"https:\/\/asv.pt\/de\/kontakt\/\">Willst du das ausprobieren?<\/a><\/div><\/div><\/div><\/div><div class=\"et_pb_section_4 et_pb_section et_section_regular et_block_section sfly_general sfly_general_9\"><div class=\"et_pb_row_3 et_pb_row et_pb_equal_columns et_pb_gutters1 et_block_row sfly_column_switch et_pb_row_fullwidth\"><div class=\"et_pb_column_6 et_pb_column et_pb_column_1_2 et_block_column et_pb_css_mix_blend_mode_passthrough column1\"><div class=\"et_pb_text_3 et_pb_text et_pb_bg_layout_dark et_pb_module et_flex_module preset--module--divi-text--default\"><\/div><\/div><div class=\"et_pb_column_7 et_pb_column et_pb_column_1_2 et-last-child et_block_column et_pb_css_mix_blend_mode_passthrough column2\"><div class=\"et_pb_divider_2 et_pb_divider et_pb_space et_pb_divider_position_top et_pb_module divider_spacer\"><div class=\"et_pb_divider_internal\"><\/div><\/div><\/div><\/div><\/div><div class=\"et_pb_section_5 et_pb_section et_section_regular et_block_section et_pb_section_parallax sfly_feature sfly_feature_2\"><span class=\"et-pb-parallax-wrapper\"><span class=\"et-pb-parallax-background et-pb-parallax-background--css et-pb-parallax-background-module--divi-section-5\" style=\"background-image:url(https:\/\/asv.pt\/wp-content\/uploads\/2021\/04\/PenaPalace1.jpg)\"><\/span><\/span><div class=\"et_pb_row_4 et_pb_row et_pb_gutters1 et_block_row sfly_column_switch\"><div class=\"et_pb_column_8 et_pb_column et_pb_column_1_2 et_block_column et_pb_css_mix_blend_mode_passthrough column1\"><div class=\"et_pb_text_4 et_pb_text et_pb_bg_layout_dark et_pb_module et_flex_module preset--module--divi-text--default\"><div class=\"et_pb_text_inner\"><h2>Authentische Bilder, die den Betrachter ber\u00fchren<\/h2>\n<p>Ich mache Portr\u00e4tfotografie f\u00fcr alle Menschen, die meinen Stil m\u00f6gen und sich deshalb von mir fotografieren lassen wollen. Ich mache Portr\u00e4ts f\u00fcr Musiker, K\u00fcnstler, Gesch\u00e4ftsleute, Unternehmer, Firmen und Macher. Kreative Menschen, die ihre Marke und ihre Leidenschaft vermarkten. Und Sportler, deren Trainingserfolge festgehalten werden sollen.<\/p>\n<p>&nbsp;<\/p>\n<p>Ein Portr\u00e4t ist ein Foto, das das Bildnis, die Pers\u00f6nlichkeit und die Stimmung einer Person, eines Tieres oder eines Objekts einf\u00e4ngt, oft auf kreative oder k\u00fcnstlerische Weise. Ein Headshot hingegen ist eine spezielle Art von Portr\u00e4t, die sich auf das Gesicht und den Kopf einer Person konzentriert und in der Regel f\u00fcr professionelle Zwecke verwendet wird, z. B. f\u00fcr Portfolios von Schauspielern, Gesch\u00e4ftsprofile oder Online-Dating-Websites. Headshots sind in der Regel schlichter, mit einem einfachen Hintergrund und einer Person, die direkt in die Kamera schaut.<\/p>\n<\/div><\/div><\/div><div class=\"et_pb_column_9 et_pb_column et_pb_column_1_2 et-last-child et_block_column et_pb_css_mix_blend_mode_passthrough column2\"><div class=\"et_pb_divider_3 et_pb_divider et_pb_space et_pb_divider_position_top et_pb_module divider_spacer\"><div class=\"et_pb_divider_internal\"><\/div><\/div><\/div><\/div><div class=\"et_pb_row_5 et_pb_row et_pb_equal_columns et_pb_gutters1 et_block_row sfly_column_switch\"><div class=\"et_pb_column_10 et_pb_column et_pb_column_1_2 et_block_column et_pb_css_mix_blend_mode_passthrough column1\"><div class=\"et_pb_divider_4 et_pb_divider et_pb_space et_pb_divider_position_top et_pb_module divider_spacer\"><div class=\"et_pb_divider_internal\"><\/div><\/div><\/div><div class=\"et_pb_column_11 et_pb_column et_pb_column_1_2 et-last-child et_block_column et_pb_css_mix_blend_mode_passthrough column2\"><div class=\"et_pb_text_5 et_pb_text et_pb_bg_layout_dark et_pb_module et_flex_module preset--module--divi-text--default\"><div class=\"et_pb_text_inner\"><h2>Warum ich Headshot-Sessions liebe...<\/h2>\n<p>Ich liebe Fotoshootings!<\/p>\n<p>Wenn die Angst des Modells vor der Kamera langsam aber sicher weicht. Wenn er mehr und mehr Spa\u00df an den Bildern findet. Wenn die Pers\u00f6nlichkeit langsam aus jedem Bild herausquillt, dann war es eine gute Session...<\/p>\n<\/div><\/div><div class=\"et_pb_text_6 et_pb_text et_pb_bg_layout_light et_pb_module et_flex_module preset--module--divi-text--default\"><div class=\"et_pb_text_inner\"><p>Headshot-Fotografie kann von einfach bis komplex reichen, je nach den F\u00e4higkeiten des Fotografen, der verwendeten Ausr\u00fcstung und dem gew\u00fcnschten Ergebnis des Fotos. Ein einfaches Portr\u00e4t kann mit einer Kamera und einem einfachen Hintergrund aufgenommen werden, w\u00e4hrend aufw\u00e4ndigere Portr\u00e4ts mehrere Lichter, Requisiten und Spezialeffekte beinhalten k\u00f6nnen, um einen bestimmten Look oder eine bestimmte Stimmung zu erzielen. Headshot-Fotografie erfordert auch technisches K\u00f6nnen in Bezug auf Beleuchtung, Posing und Kameraeinstellungen, um ein schmeichelhaftes und professionell wirkendes Bild zu erzeugen. Mit der richtigen Ausr\u00fcstung, den richtigen Kenntnissen und der richtigen Erfahrung k\u00f6nnen Headshot-Fotos jedoch eine unkomplizierte und lohnende Form der Fotografie sein.<\/p>\n<\/div><\/div><\/div><\/div><\/div><div class=\"et_pb_section_6 et_pb_section et_section_regular et_block_section sfly_image sfly_image_8\"><div class=\"et_pb_row_6 et_pb_row et_pb_gutters2 et_block_row\"><div class=\"et_pb_column_12 et_pb_column et_pb_column_1_2 et_block_column et_pb_css_mix_blend_mode_passthrough\"><div class=\"et_pb_image_1 et_pb_image et_pb_has_overlay et_animated et_pb_module et_flex_module preset--module--divi-image--default\"><a href=\"https:\/\/asv.pt\/wp-content\/uploads\/2021\/04\/SteffiPortrait.jpg\" title=\"Steffi Portr\u00e4t\" class=\"et_pb_lightbox_image\"><span class=\"et_pb_image_wrap\"><img decoding=\"async\" src=\"https:\/\/asv.pt\/wp-content\/uploads\/2021\/04\/SteffiPortrait.jpg\" alt=\"Steffi Portr\u00e4t\" title=\"Steffi Portr\u00e4t\" width=\"2048\" height=\"1365\" class=\"wp-image-707\" \/><span class=\"et_overlay\"><\/span><\/span><\/a><\/div><\/div><div class=\"et_pb_column_13 et_pb_column et_pb_column_1_2 et-last-child et_block_column et_pb_css_mix_blend_mode_passthrough\"><div class=\"et_pb_image_2 et_pb_image et_pb_has_overlay et_animated et_pb_module et_flex_module preset--module--divi-image--default\"><a href=\"https:\/\/asv.pt\/wp-content\/uploads\/2021\/04\/Steffi_Kiss.jpg\" title=\"Steffi Kiss\" class=\"et_pb_lightbox_image\"><span class=\"et_pb_image_wrap\"><img decoding=\"async\" src=\"https:\/\/asv.pt\/wp-content\/uploads\/2021\/04\/Steffi_Kiss.jpg\" alt=\"Steffi Kiss\" title=\"Steffi Kiss\" width=\"2048\" height=\"1365\" class=\"wp-image-708\" \/><span class=\"et_overlay\"><\/span><\/span><\/a><\/div><\/div><\/div><div class=\"et_pb_row_7 et_pb_row et_pb_gutters2 et_block_row sfly_column_switch\"><div class=\"et_pb_column_14 et_pb_column et_pb_column_1_2 et_block_column et_pb_css_mix_blend_mode_passthrough\"><div class=\"et_pb_text_7 et_pb_text et_pb_bg_layout_light et_pb_module et_flex_module preset--module--divi-text--default\"><div class=\"et_pb_text_inner\"><h2>Die Ergebnisse<\/h2>\n<p>Je nachdem, wof\u00fcr Sie die Bilder ben\u00f6tigen, k\u00f6nnen wir saubere Gesch\u00e4ftsportr\u00e4ts oder einfach nur lustige Bilder machen, die Ihre Pers\u00f6nlichkeit zeigen. Es gibt keine Grenzen, und ich werde Sie dabei unterst\u00fctzen, Ihre Angst vor der Linse zu verlieren.<\/p>\n<p>Wie Sie auf diesen drei Bildern sehen k\u00f6nnen, kann selbst ein gut vorbereitetes Modeshooting zu sofortigem Spa\u00df und wundersch\u00f6nen Ergebnissen f\u00fchren.<\/p>\n<\/div><\/div><div class=\"et_pb_module et_pb_button_module_wrapper et_pb_button_2_wrapper\"><a class=\"et_pb_button_2 et_pb_button et_pb_bg_layout_light et_pb_module et_flex_module\" href=\"https:\/\/asv.pt\/de\/kontakt\/\">Ich will ein tolles Portr\u00e4t!<\/a><\/div><\/div><div class=\"et_pb_column_15 et_pb_column et_pb_column_1_2 et-last-child et_block_column et_pb_css_mix_blend_mode_passthrough\"><div class=\"et_pb_image_3 et_pb_image et_pb_has_overlay et_animated et_pb_module et_flex_module preset--module--divi-image--default\"><a href=\"https:\/\/asv.pt\/wp-content\/uploads\/2021\/04\/Steffi_Laugh.jpg\" title=\"Steffi Lachen\" class=\"et_pb_lightbox_image\"><span class=\"et_pb_image_wrap\"><img decoding=\"async\" src=\"https:\/\/asv.pt\/wp-content\/uploads\/2021\/04\/Steffi_Laugh.jpg\" alt=\"Steffi Lachen\" title=\"Steffi Lachen\" width=\"2048\" height=\"1365\" class=\"wp-image-709\" \/><span class=\"et_overlay\"><\/span><\/span><\/a><\/div><\/div><\/div><\/div><div class=\"et_pb_section_7 et_pb_section et_section_regular et_block_section sfly_general sfly_general_12\"><div class=\"et_pb_row_8 et_pb_row et_block_row\"><div class=\"et_pb_column_16 et_pb_column et_pb_column_1_2 et_block_column et_pb_css_mix_blend_mode_passthrough column1\"><div class=\"et_pb_text_8 et_pb_text et_pb_bg_layout_light et_pb_module et_flex_module preset--module--divi-text--default\"><div class=\"et_pb_text_inner\"><h2>Video: Divinity Roxx<\/h2>\n<p>Die Entstehung des Divinity Roxx ImPossible Album Covers erstreckt sich \u00fcber zwei Kontinente und zwei Staaten. Das Foto f\u00fcr das Albumcover war eine kreative Gemeinschaftsarbeit von Divinity Roxx und mir. Das Fotoshooting wurde von Sven Kosakowski unterst\u00fctzt, der auch dieses Video gedreht und bearbeitet hat. Das Make-up wurde von Eve Wascher gemacht und das Shooting wurde von Yani Marin gestylt.<\/p>\n<p>Nachdem das Foto ausgew\u00e4hlt und bearbeitet worden war, beauftragte Divinity die Detroiter K\u00fcnstlerin Sabrina Nelson mit der Erstellung eines Gem\u00e4ldes zu dem Foto und den Grafikdesigner Mario Butterfield (Art Director) mit der Zusammenf\u00fchrung von Foto und Gem\u00e4lde. <\/p>\n<p>Letztendlich ist das Albumcover ein wahres Kunstwerk.<\/p>\n<\/div><\/div><div class=\"et_pb_module et_pb_button_module_wrapper et_pb_button_3_wrapper\"><a class=\"et_pb_button_3 et_pb_button et_pb_bg_layout_light et_animated et_pb_module et_flex_module\" href=\"https:\/\/asv.pt\/de\/kontakt\/\">Senden Sie Ihre Anfrage...<\/a><\/div><\/div><div class=\"et_pb_column_17 et_pb_column et_pb_column_1_2 et-last-child et_block_column et_pb_css_mix_blend_mode_passthrough column2\"><div class=\"et_pb_video_0 et_pb_video et_pb_module et_flex_module\"><div class=\"et_pb_video_box\"><iframe title=\"Bassistin Divinity Roxx Das Making of ImPossible Album Cover\" width=\"1080\" height=\"608\" src=\"https:\/\/www.youtube.com\/embed\/VjdNEsXblKs?feature=oembed\"  allow=\"accelerometer; autoplay; clipboard-write; encrypted-media; gyroscope; picture-in-picture; web-share\" referrerpolicy=\"strict-origin-when-cross-origin\" allowfullscreen><\/iframe><\/div><div class=\"et_pb_video_overlay\" style=\"background-image:url(\/\/i.ytimg.com\/vi\/VjdNEsXblKs\/maxresdefault.jpg)\"><div class=\"et_pb_video_overlay_hover\"><a class=\"et_pb_video_play\" href=\"#\"><\/a><\/div><\/div><\/div><\/div><\/div><\/div>","protected":false},"excerpt":{"rendered":"","protected":false},"author":1,"featured_media":0,"parent":0,"menu_order":0,"comment_status":"closed","ping_status":"closed","template":"","meta":{"footnotes":""},"class_list":["post-36","page","type-page","status-publish","hentry"],"_links":{"self":[{"href":"https:\/\/asv.pt\/de\/wp-json\/wp\/v2\/pages\/36","targetHints":{"allow":["GET"]}}],"collection":[{"href":"https:\/\/asv.pt\/de\/wp-json\/wp\/v2\/pages"}],"about":[{"href":"https:\/\/asv.pt\/de\/wp-json\/wp\/v2\/types\/page"}],"author":[{"embeddable":true,"href":"https:\/\/asv.pt\/de\/wp-json\/wp\/v2\/users\/1"}],"replies":[{"embeddable":true,"href":"https:\/\/asv.pt\/de\/wp-json\/wp\/v2\/comments?post=36"}],"version-history":[{"count":12,"href":"https:\/\/asv.pt\/de\/wp-json\/wp\/v2\/pages\/36\/revisions"}],"predecessor-version":[{"id":2786,"href":"https:\/\/asv.pt\/de\/wp-json\/wp\/v2\/pages\/36\/revisions\/2786"}],"wp:attachment":[{"href":"https:\/\/asv.pt\/de\/wp-json\/wp\/v2\/media?parent=36"}],"curies":[{"name":"wp","href":"https:\/\/api.w.org\/{rel}","templated":true}]}}