{"id":1815,"date":"2022-11-10T22:13:11","date_gmt":"2022-11-10T22:13:11","guid":{"rendered":"https:\/\/asv.pt\/?page_id=1815"},"modified":"2025-11-01T19:39:50","modified_gmt":"2025-11-01T19:39:50","slug":"ccam-circulo-criativo-de-musicos-do-algarve","status":"publish","type":"page","link":"https:\/\/asv.pt\/pt\/ccam-creative-circle-of-algarve-musicians\/","title":{"rendered":"CCAM - C\u00edrculo Criativo de M\u00fasicos do Algarve"},"content":{"rendered":"<div class=\"et_pb_section_0 et_pb_section et_pb_fullwidth_section et_section_regular et_block_section sfly_hero sfly_hero_1\"><section class=\"et_pb_fullwidth_header_0 et_pb_fullwidth_header et_pb_fullscreen et_pb_header_with_image et_pb_bg_layout_dark et_pb_text_align_center et_animated et_pb_section_parallax et_pb_module et_flex_module sfly_fullwidth_header\"><span class=\"et-pb-parallax-wrapper\"><span class=\"et-pb-parallax-background et-pb-parallax-background-module--divi-fullwidth-header-0\" style=\"background-image:url(https:\/\/asv.pt\/wp-content\/uploads\/2022\/11\/CCAM-Back.jpg);background-color:#FFFFFF;background-blend-mode:multiply\"><\/span><\/span><span class=\"et_pb_background_mask\"><\/span><div class=\"et_pb_fullwidth_header_container center\"><div class=\"header-content-container center\"><div class=\"header-content et_flex_module\"><div class=\"et_pb_header_button_wrapper\"><\/div><\/div><\/div><div class=\"header-image-container center\"><div class=\"header-image\"><img decoding=\"async\" src=\"https:\/\/asv.pt\/wp-content\/uploads\/2022\/11\/CCAM-Logo-1000t.png\" width=\"1000\" height=\"347\" class=\"wp-image-1830\" alt=\"\" title=\"\"><\/div><\/div><\/div><div class=\"et_pb_fullwidth_header_overlay\"><\/div><div class=\"et_pb_fullwidth_header_scroll\"><a class=\"scroll-down-container\" href=\"#\"><span class=\"scroll-down et-pb-icon\">;<\/span><\/a><\/div><\/section><\/div><div class=\"et_pb_section_1 et_pb_section et_section_regular et_block_section sfly_general sfly_general_8\"><div class=\"et_pb_row_0 et_pb_row et_pb_equal_columns et_pb_gutters1 et_block_row et_pb_row_fullwidth\"><div class=\"et_pb_column_0 et_pb_column et_pb_column_1_2 et_block_column et_pb_css_mix_blend_mode_passthrough column1\"><div class=\"et_pb_divider_0 et_pb_divider et_pb_space et_pb_divider_position_top et_pb_module divider_spacer\"><div class=\"et_pb_divider_internal\"><\/div><\/div><\/div><div class=\"et_pb_column_1 et_pb_column et_pb_column_1_2 et-last-child et_block_column et_pb_css_mix_blend_mode_passthrough column2\"><div class=\"et_pb_text_0 et_pb_text et_pb_bg_layout_light et_pb_module et_flex_module preset--module--divi-text--default\"><div class=\"et_pb_text_inner\"><h1>C\u00edrculo Criativo dos M\u00fasicos de ALgarve<\/h1>\n<p>O Algarve tem muitos m\u00fasicos excelentes! Mas est\u00e3o todos espalhados em pequenos grupos e n\u00e3o existe uma verdadeira rede que os ligue a todos. Foi por isso que fund\u00e1mos o C\u00edrculo Criativo de M\u00fasicos do Algarve (CCAM) e come\u00e7\u00e1mos a reunir-nos mensalmente em Odiaxere, perto de Lagos. Para o futuro pr\u00f3ximo \u00e9 sempre o <strong>primeiro domingo de um m\u00eas, das 11h \u00e0s 15h<\/strong>.<\/p>\n<p>As reuni\u00f5es s\u00e3o organizadas com um grupo de Telegramas aos quais se pode juntar com o seguinte link: <a href=\"https:\/\/t.me\/+gEzAgQiyxkAzODRi\" target=\"_blank\" rel=\"noopener\">Grupo de Telegramas CCAM<\/a><\/p>\n<p>O objectivo das reuni\u00f5es \u00e9 passar bons momentos juntos, inspirar e ser inspirados, fazer novos contactos e conversar. O evento n\u00e3o est\u00e1 aberto a uma audi\u00eancia regular, pois pretende ser um local privado para discutir novos conceitos e trabalhos inacabados.<\/p>\n<\/div><\/div><div class=\"et_pb_countdown_timer_0 et_pb_countdown_timer et_pb_bg_layout_dark et_clickable et_pb_module et_flex_module preset--module--divi-countdown-timer--default\" data-end-timestamp=\"1699178400\"><div class=\"et_pb_countdown_timer_container clearfix\"><h4 class=\"title\">O pr\u00f3ximo CCAM est\u00e1 em<\/h4><div class=\"days section values\" data-short=\"D\" data-full=\"Day(s)\"><p class=\"value\"><\/p><p class=\"label\">Dia(s)<\/p><\/div><div class=\"sep section\"><p>:<\/p><\/div><div class=\"hours section values\" data-short=\"Hr\" data-full=\"Hour(s)\"><p class=\"value\"><\/p><p class=\"label\">Hora(s)<\/p><\/div><div class=\"sep section\"><p>:<\/p><\/div><div class=\"minutes section values\" data-short=\"Min\" data-full=\"Minute(s)\"><p class=\"value\"><\/p><p class=\"label\">Minuto(s)<\/p><\/div><div class=\"sep section\"><p>:<\/p><\/div><div class=\"seconds section values\" data-short=\"Sec\" data-full=\"Second(s)\"><p class=\"value\"><\/p><p class=\"label\">Segundo(s)<\/p><\/div><\/div><\/div><\/div><\/div><\/div><div class=\"et_pb_section_2 et_pb_section et_section_regular et_block_section sfly_general sfly_general_9\"><div class=\"et_pb_row_1 et_pb_row et_pb_equal_columns et_pb_gutters1 et_block_row sfly_column_switch et_pb_row_fullwidth\"><div class=\"et_pb_column_2 et_pb_column et_pb_column_1_2 et_block_column et_pb_css_mix_blend_mode_passthrough column1\"><div class=\"et_pb_text_1 et_pb_text et_pb_bg_layout_dark et_pb_module et_flex_module preset--module--divi-text--default\"><div class=\"et_pb_text_inner\"><h2>Reunimo-nos para partilhar as nossas obras, ideias e progressos relacionados com a m\u00fasica e a criatividade. <\/h2>\n<p>Como participante, est\u00e1 convidado a dar uma vis\u00e3o de aproximadamente 10 minutos sobre o seu trabalho actual. Pode ser na forma de uma can\u00e7\u00e3o em que est\u00e1 a trabalhar actualmente, uma escala que descobriu para si pr\u00f3prio ou uma nova t\u00e9cnica que est\u00e1 a praticar.  Informe-nos com anteced\u00eancia no grupo Telegrama se quiser apresentar alguma coisa.<\/p>\n<\/div><\/div><div class=\"et_pb_module et_pb_button_module_wrapper et_pb_button_0_wrapper\"><a class=\"et_pb_button_0 et_pb_button et_pb_bg_layout_light et_animated et_pb_module et_flex_module\" href=\"https:\/\/t.me\/+gEzAgQiyxkAzODRi\" target=\"_blank\" data-icon=\"\uf3fe\">Grupo de Telegramas CCAM<\/a><\/div><\/div><div class=\"et_pb_column_3 et_pb_column et_pb_column_1_2 et-last-child et_block_column et_pb_css_mix_blend_mode_passthrough column2\"><div class=\"et_pb_divider_1 et_pb_divider et_pb_space et_pb_divider_position_top et_pb_module divider_spacer\"><div class=\"et_pb_divider_internal\"><\/div><\/div><\/div><\/div><\/div><div class=\"et_pb_section_3 et_pb_section et_section_regular et_block_section sfly_feature sfly_feature_7\"><div class=\"et_pb_row_2 et_pb_row et_block_row et_animated\"><div class=\"et_pb_column_4 et_pb_column et_pb_column_1_3 et_block_column et_pb_css_mix_blend_mode_passthrough column1\"><div class=\"et_pb_image_0 et_pb_image et_animated et_pb_module et_flex_module preset--module--divi-image--default\"><span class=\"et_pb_image_wrap\"><img decoding=\"async\" src=\"https:\/\/asv.pt\/wp-content\/uploads\/2022\/11\/L1010048.jpg\" alt=\"Keylene\" title=\"L1010048\" width=\"800\" height=\"1200\" class=\"wp-image-1795\" \/><\/span><\/div><\/div><div class=\"et_pb_column_5 et_pb_column et_pb_column_2_3 et-last-child et_block_column et_pb_css_mix_blend_mode_passthrough column2\"><div class=\"et_pb_text_2 et_pb_text et_pb_bg_layout_light et_animated et_pb_module et_flex_module preset--module--divi-text--default\"><div class=\"et_pb_text_inner\"><h2>Regras do evento CCAM<\/h2>\n<p>Actualmente o evento est\u00e1 limitado a 40 participantes, por isso, reserve o seu lugar como filho o mais poss\u00edvel Um pequeno PA e alguns instrumentos estar\u00e3o dispon\u00edveis para utiliza\u00e7\u00e3o. Se precisar de algo especial, informe-nos com anteced\u00eancia ou traga as suas pr\u00f3prias coisas.\u00a0<\/p>\n<ul>\n<li>A entrada \u00e9 gratuita! Por favor tragam o vosso bom esp\u00edrito e a vossa pr\u00f3pria \u00e1gua\/bebida.<\/li>\n<li>N\u00e3o s\u00e3o permitidas drogas nem grandes quantidades de \u00e1lcool na parcela. Queremos desfrutar do momento, n\u00e3o da droga.<\/li>\n<li>As crian\u00e7as s\u00e3o bem-vindas a este evento, mas certifique-se de que sabe sempre onde elas est\u00e3o e o que est\u00e3o a fazer e de que toma conta delas, uma vez que n\u00e3o h\u00e1 entretenimento para crian\u00e7as.<\/li>\n<li>Gostar\u00edamos de focar o evento na grande \u00e1rea em redor do est\u00fadio. Acrescent\u00e1mos tamb\u00e9m uma casa de banho de compostagem e um local para lavar as m\u00e3os. A casa privada e a \u00e1rea da piscina n\u00e3o fazem parte do espa\u00e7o do evento. Obrigado por respeitarem esta \u00e1rea privada.<\/li>\n<li>Se tiver c\u00e3es, por favor deixe-os em casa. Somos gatos e os nossos gatos gostam de viver em paz na nossa casa. Lamentamos, mas nada de c\u00e3es.<\/li>\n<\/ul>\n<\/div><\/div><div class=\"et_pb_code_0 et_pb_code et_pb_module\"><div class=\"et_pb_code_inner\"><iframe style=\"border: 0; width: 400px; height: 373px;\" src=\"https:\/\/bandcamp.com\/EmbeddedPlayer\/album=1097718584\/size=large\/bgcol=ffffff\/linkcol=7137dc\/artwork=small\/transparent=true\/\" seamless><a href=\"https:\/\/music.mennigmann.com\/album\/ccam-2-creative-circle-of-algarve-musicians\" target=\"_blank\" rel=\"noopener\">CCAM#2 C\u00edrculo Criativo de M\u00fasicos do Algarve por Marc Mennigmann<\/a><\/iframe><\/div><\/div><\/div><\/div><\/div><div class=\"et_pb_section_4 et_pb_section et_section_regular et_block_section sfly_general sfly_general_9\"><div class=\"et_pb_row_3 et_pb_row et_pb_equal_columns et_pb_gutters1 et_block_row sfly_column_switch et_pb_row_fullwidth\"><div class=\"et_pb_column_6 et_pb_column et_pb_column_1_2 et_block_column et_pb_css_mix_blend_mode_passthrough column1\"><div class=\"et_pb_text_3 et_pb_text et_pb_bg_layout_dark et_pb_module et_flex_module preset--module--divi-text--default\"><div class=\"et_pb_text_inner\"><h2>Participar no CCAM<\/h2>\n<p>Se estiver interessado em participar no C\u00edrculo Criativo de M\u00fasicos do Algarve, por favor envie uma mensagem de telegrama para <a href=\"https:\/\/t.me\/mennigmann\" target=\"_blank\" rel=\"noopener\">@mennigmann<\/a> ou um e-mail para <a href=\"mailto:\/\/marc@asv.pt\" target=\"_blank\" rel=\"noopener\">marc@asv.pt<\/a> com algumas linhas sobre quem \u00e9, que tipo de m\u00fasica faz e se\/o que quer apresentar. Pode tamb\u00e9m juntar-se \u00e0 <a href=\"https:\/\/t.me\/+gEzAgQiyxkAzODRi\" target=\"_blank\" rel=\"noopener\">Grupo de Telegramas CCAM<\/a>, apresente-se e afixe a\u00ed a informa\u00e7\u00e3o.<\/p>\n<p>&nbsp;<\/p>\n<p>Por isso, \u00e9 f\u00e1cil de lembrar: CCAM sempre no primeiro domingo do m\u00eas, a partir das 11h...<\/p>\n<\/div><\/div><div class=\"et_pb_text_4 et_pb_text et_pb_bg_layout_dark et_pb_module et_flex_module preset--module--divi-text--default\"><div class=\"et_pb_text_inner\"><h2>Reuni\u00f5es CCAM 2023<\/h2>\n<p>Pode encontrar o <a href=\"https:\/\/algarvevents.pt\/series\/ccam-creative-circle-of-algarve-musicians\/\" target=\"_blank\" rel=\"noopener\">datas da pr\u00f3xima reuni\u00e3o da CCAM em AlgarvEvents.pt - Basta clicar aqui...<\/a><\/p>\n<\/div><\/div><div class=\"et_pb_image_1 et_pb_image et_pb_module et_flex_module preset--module--divi-image--default\"><a href=\"https:\/\/algarvevents.pt\/series\/ccam-creative-circle-of-algarve-musicians\/\" target=\"_blank\" rel=\"noopener\"><span class=\"et_pb_image_wrap\"><img decoding=\"async\" src=\"https:\/\/asv.pt\/wp-content\/uploads\/2023\/01\/AlgarvEvents_Logo_transparent.png\" alt=\"Logotipo AlgarvEvents\" title=\"Logotipo AlgarvEvents\" width=\"498\" height=\"100\" class=\"wp-image-1899\" \/><\/span><\/a><\/div><\/div><div class=\"et_pb_column_7 et_pb_column et_pb_column_1_2 et-last-child et_block_column et_pb_css_mix_blend_mode_passthrough column2\"><div class=\"et_pb_divider_2 et_pb_divider et_pb_space et_pb_divider_position_top et_pb_module divider_spacer\"><div class=\"et_pb_divider_internal\"><\/div><\/div><\/div><\/div><\/div><div class=\"et_pb_section_5 et_pb_section et_section_regular et_block_section sfly_general sfly_general_8\"><div class=\"et_pb_row_4 et_pb_row et_pb_equal_columns et_pb_gutters1 et_block_row et_pb_row_fullwidth\"><div class=\"et_pb_column_8 et_pb_column et_pb_column_1_2 et_block_column et_pb_css_mix_blend_mode_passthrough column1\"><div class=\"et_pb_divider_3 et_pb_divider et_pb_space et_pb_divider_position_top et_pb_module divider_spacer\"><div class=\"et_pb_divider_internal\"><\/div><\/div><\/div><div class=\"et_pb_column_9 et_pb_column et_pb_column_1_2 et-last-child et_block_column et_pb_css_mix_blend_mode_passthrough column2\"><div class=\"et_pb_text_5 et_pb_text et_pb_bg_layout_light et_pb_module et_flex_module preset--module--divi-text--default\"><div class=\"et_pb_text_inner\"><h2>Manifesto CCAM<\/h2>\n<p>Criar, inovar, colaborar, partilhar.<\/p>\n<p>Seja voc\u00ea mesmo e deixe a m\u00fasica fluir. Desafie-se a si pr\u00f3prio e crie o desconhecido. Tente evitar os h\u00e1bitos musicais. Melhore a si mesmo e toque algo novo. Corra riscos, esteja preparado para falhar, mas transforme sempre o erro em algo belo.<\/p>\n<p>Tomar decis\u00f5es r\u00e1pidas. Se algo se tornar aborrecido, par\u00e1-lo ou alter\u00e1-lo. Pense no processo, n\u00e3o no produto. D\u00ea algo e conte uma boa hist\u00f3ria. Ignorar as regras, mas nunca tocar uma nota sem um objectivo. Tocar o que gosta de ouvir.<\/p>\n<p><strong>Seja simp\u00e1tico. Amor. N\u00f3s somos um s\u00f3.<\/strong><\/p>\n<\/div><\/div><\/div><\/div><\/div><div class=\"et_pb_section_6 et_pb_section et_section_regular et_block_section sfly_social sfly_social_2\"><div class=\"et_pb_row_5 et_pb_row et_pb_equal_columns et_pb_gutters1 et_block_row et_pb_row_fullwidth\"><span class=\"et_pb_background_pattern\"><\/span><div class=\"et_pb_column_10 et_pb_column et_pb_column_4_4 et-last-child et_block_column et_pb_css_mix_blend_mode_passthrough\"><div class=\"et_pb_code_1 et_pb_code et_animated et_pb_module\"><div class=\"et_pb_code_inner\"><a target=\"_blank\" href=\"https:\/\/www.facebook.com\/algarvesv\" rel=\"noopener\"><i class=\"fab fa-facebook-f\"><\/i><\/a><a target=\"_blank\" href=\"https:\/\/twitter.com\/AlgarveStudios\" rel=\"noopener\"><i class=\"fab fa-twitter\"><\/i><\/a><a target=\"_blank\" href=\"https:\/\/www.linkedin.com\/company\/82809812\/\" rel=\"noopener\"><i class=\"fab fa-linkedin-in\"><\/i><\/a><a target=\"_blank\" href=\"https:\/\/www.instagram.com\/algarvesoundandvision\/\" rel=\"noopener\"><i class=\"fab fa-instagram\"><\/i><\/a><a target=\"_blank\" href=\"https:\/\/www.youtube.com\/@algarvesoundandvision\" rel=\"noopener\"><i class=\"fab fa-youtube\"><\/i><\/a><\/div><\/div><\/div><\/div><\/div>","protected":false},"excerpt":{"rendered":"","protected":false},"author":1,"featured_media":0,"parent":0,"menu_order":0,"comment_status":"closed","ping_status":"closed","template":"","meta":{"footnotes":""},"class_list":["post-1815","page","type-page","status-publish","hentry"],"_links":{"self":[{"href":"https:\/\/asv.pt\/pt\/wp-json\/wp\/v2\/pages\/1815","targetHints":{"allow":["GET"]}}],"collection":[{"href":"https:\/\/asv.pt\/pt\/wp-json\/wp\/v2\/pages"}],"about":[{"href":"https:\/\/asv.pt\/pt\/wp-json\/wp\/v2\/types\/page"}],"author":[{"embeddable":true,"href":"https:\/\/asv.pt\/pt\/wp-json\/wp\/v2\/users\/1"}],"replies":[{"embeddable":true,"href":"https:\/\/asv.pt\/pt\/wp-json\/wp\/v2\/comments?post=1815"}],"version-history":[{"count":46,"href":"https:\/\/asv.pt\/pt\/wp-json\/wp\/v2\/pages\/1815\/revisions"}],"predecessor-version":[{"id":2798,"href":"https:\/\/asv.pt\/pt\/wp-json\/wp\/v2\/pages\/1815\/revisions\/2798"}],"wp:attachment":[{"href":"https:\/\/asv.pt\/pt\/wp-json\/wp\/v2\/media?parent=1815"}],"curies":[{"name":"wp","href":"https:\/\/api.w.org\/{rel}","templated":true}]}}