{"id":2,"date":"2021-03-22T18:56:55","date_gmt":"2021-03-22T18:56:55","guid":{"rendered":"https:\/\/asv.pt\/?page_id=2"},"modified":"2025-11-01T19:39:34","modified_gmt":"2025-11-01T19:39:34","slug":"pagina-de-amostra","status":"publish","type":"page","link":"https:\/\/asv.pt\/pt\/","title":{"rendered":"Algarve Sound &amp; Vision"},"content":{"rendered":"<div class=\"et_pb_section_0 et_pb_section et_section_regular et_block_section et_pb_section_parallax sfly_hero sfly_hero_6\"><span class=\"et-pb-parallax-wrapper\"><span class=\"et-pb-parallax-background et-pb-parallax-background-module--divi-section-0\" style=\"background-image:url(https:\/\/asv.pt\/wp-content\/uploads\/2021\/05\/BoatAndRocks.jpg)\"><\/span><\/span><div class=\"et_pb_row_0 et_pb_row et_pb_equal_columns et_pb_gutters1 et_block_row et_pb_row_fullwidth\"><div class=\"et_pb_column_0 et_pb_column et_pb_column_1_2 et_block_column et_pb_css_mix_blend_mode_passthrough\"><div class=\"et_pb_image_0 et_pb_image et_pb_module et_flex_module preset--module--divi-image--default\"><span class=\"et_pb_image_wrap\"><img decoding=\"async\" src=\"https:\/\/asv.pt\/wp-content\/uploads\/2021\/06\/ASV_Logo_Snow.png\" alt=\"Algarve Sound &amp; Vision Logotipo\" title=\"Algarve Sound &amp; Vision Logotipo\" width=\"451\" height=\"228\" class=\"wp-image-1127\" \/><\/span><\/div><div class=\"et_pb_text_0 et_pb_text et_pb_bg_layout_dark et_animated et_pb_module et_flex_module preset--module--divi-text--default\"><div class=\"et_pb_text_inner\"><h1>Algarve Sound &amp; Vision<\/h1>\n<\/div><\/div><div class=\"et_pb_text_1 et_pb_text et_pb_bg_layout_dark et_animated et_pb_module et_flex_module preset--module--divi-text--default\"><div class=\"et_pb_text_inner\"><p>Servi\u00e7os Profissionais de Fotografia e Videografia<br \/>Est\u00fadio de Grava\u00e7\u00e3o e Produ\u00e7\u00e3o de \u00c1udio e Etiqueta de Grava\u00e7\u00e3o<\/p>\n<\/div><\/div><div class=\"et_pb_module et_pb_button_module_wrapper et_pb_button_0_wrapper\"><a class=\"et_pb_button_0 et_pb_button et_pb_bg_layout_light et_animated et_pb_module et_flex_module\" href=\"#SelectArea\">Mostre-me mais!<\/a><\/div><\/div><div class=\"et_pb_column_1 et_pb_column et_pb_column_1_2 et-last-child et_block_column et_pb_column_empty et_pb_css_mix_blend_mode_passthrough\"><\/div><\/div><\/div><div class=\"et_pb_section_1 et_pb_section et_section_regular et_block_section\"><span class=\"et_pb_background_mask\"><\/span><div class=\"et_pb_row_1 et_pb_row et_block_row\"><div class=\"et_pb_column_2 et_pb_column et_pb_column_4_4 et-last-child et_block_column et_pb_css_mix_blend_mode_passthrough\"><div class=\"et_pb_image_1 et_pb_image et_pb_module et_flex_module preset--module--divi-image--default\"><span class=\"et_pb_image_wrap\"><img decoding=\"async\" src=\"https:\/\/asv.pt\/wp-content\/uploads\/2021\/06\/ASV_Logo_Snow.png\" alt=\"Algarve Sound &amp; Vision Logotipo\" title=\"Algarve Sound &amp; Vision Logotipo\" width=\"451\" height=\"228\" class=\"wp-image-1127\" \/><\/span><\/div><div class=\"et_pb_text_2 et_pb_text et_pb_bg_layout_dark et_pb_module et_flex_module preset--module--divi-text--default\"><div class=\"et_pb_text_inner\"><h1>Algarve Sound &amp; Vision<\/h1>\n<\/div><\/div><div class=\"et_pb_text_3 et_pb_text et_pb_bg_layout_dark et_pb_module et_flex_module preset--module--divi-text--default\"><div class=\"et_pb_text_inner\"><p style=\"text-align: center;\">Servi\u00e7os Profissionais de Fotografia e Videografia<br \/>Est\u00fadio de Grava\u00e7\u00e3o e Produ\u00e7\u00e3o de \u00c1udio e Etiqueta de Grava\u00e7\u00e3o<\/p>\n<\/div><\/div><div class=\"et_pb_module et_pb_button_module_wrapper et_pb_button_1_wrapper\"><a class=\"et_pb_button_1 et_pb_button et_pb_bg_layout_light et_pb_module et_flex_module\" href=\"#SelectArea\">Mostre-me mais!<\/a><\/div><\/div><\/div><\/div><div class=\"et_pb_section_2 et_pb_section et_section_regular et_block_section sfly_cta sfly_cta_3\"><div class=\"et_pb_row_2 et_pb_row et_block_row\" id=\"SelectArea\"><div class=\"et_pb_column_3 et_pb_column et_pb_column_4_4 et-last-child et_block_column et_pb_css_mix_blend_mode_passthrough\"><div class=\"et_pb_text_4 et_pb_text et_pb_bg_layout_light et_animated et_pb_module et_flex_module preset--module--divi-text--default\"><div class=\"et_pb_text_inner\"><h2>Algarve Sound &amp; Vision<\/h2>\n<p class=\"translation-block\">H\u00e1 tr\u00eas campos principais de servi\u00e7os que gosto de lhe oferecer utilizando a marca \"Algarve Sound &amp; Vision\":<\/p>\n<p>Em primeiro lugar: o <a href=\"https:\/\/asv.pt\/pt\/sound_recording_studio-lagos-musica\/\">est\u00fadio de grava\u00e7\u00e3o musical <\/a>e servi\u00e7os em torno de <a href=\"https:\/\/asv.pt\/pt\/sound_recording_studio-lagos-musica\/\">grava\u00e7\u00e3o \u00e1udio, edi\u00e7\u00e3o, masteriza\u00e7\u00e3o<\/a> e <a href=\"https:\/\/asv.pt\/pt\/editora-discografica\/\">distribuindo<\/a>. Se for m\u00fasico, ficar\u00e1 surpreendido com o qu\u00e3o agrad\u00e1vel pode ser gravar e lan\u00e7ar m\u00fasica. O meu fluxo de trabalho \u00e9 f\u00e1cil e centra-se na hist\u00f3ria que a sua m\u00fasica quer contar. E o <a href=\"https:\/\/asv.pt\/pt\/editora-discografica\/\">R\u00f3tulo de distribui\u00e7\u00e3o digital<\/a> assegurar\u00e1 que a sua m\u00fasica possa ser ouvida em todo o mundo.<\/p>\n<p>Segundo, <a href=\"https:\/\/asv.pt\/pt\/fotografia-de-retrato\/\">fotografia de retrato<\/a> \u00e9 algo que adoro fazer porque tirar uma fotografia de uma pessoa \u00e9 uma tarefa desafiante que n\u00e3o pode ser feita em poucos minutos. Se quiser um retrato que realmente o capte, isto incluir\u00e1 passar algumas horas juntos para o conseguir fazer correctamente.<\/p>\n<p>Terceiro: <a href=\"https:\/\/asv.pt\/pt\/fotografia-imobiliaria-fotografia-de-casas-de-ferias\/\">fotografia imobili\u00e1ria e de casa de f\u00e9rias<\/a>, <a href=\"https:\/\/asv.pt\/pt\/fotografia-de-retrato\/\">fotografia de retrato<\/a>A parte da fotografia tamb\u00e9m inclui servi\u00e7os de v\u00eddeo, como v\u00eddeos do seu aluguer de f\u00e9rias ou v\u00eddeos de alta qualidade feitos com drones da casa que pretende vender.<\/p>\n<p>Se desejar, visite as p\u00e1ginas abaixo para saber mais sobre como poder\u00edamos trabalhar em conjunto.<\/p>\n<\/div><\/div><\/div><\/div><\/div><div class=\"et_pb_section_3 et_pb_section et_section_regular et_block_section sfly_feature sfly_feature_5\"><div class=\"et_pb_row_3 et_pb_row et_pb_equal_columns et_pb_gutters1 et_block_row et_pb_row_fullwidth\"><div class=\"et_pb_column_4 et_pb_column et_pb_column_1_3 et_block_column et_pb_css_mix_blend_mode_passthrough et_pb_section_parallax\"><span class=\"et-pb-parallax-wrapper\"><span class=\"et-pb-parallax-background et-pb-parallax-background-module--divi-column-4\" style=\"background-image:url(https:\/\/asv.pt\/wp-content\/uploads\/2021\/10\/Real_Estate_Photography.jpg)\"><\/span><\/span><div class=\"et_pb_blurb_0 et_pb_blurb et_pb_bg_layout_dark et_pb_text_align_center et_pb_blurb_position_top et_animated et_pb_module et_flex_module preset--module--divi-blurb--default\"><div class=\"et_pb_blurb_content et_flex_module\"><div class=\"et_pb_blurb_container\"><h4 class=\"et_pb_module_header\">Fotografia e v\u00eddeo imobili\u00e1rios<\/h4><div class=\"et_pb_blurb_description\"><p>Uma imagem perfeita do im\u00f3vel que voc\u00ea est\u00e1 vendendo \u00e9 a parte mais importante da abordagem de uma ampla gama de clientes. Eu posso tirar estas fotos perfeitas para voc\u00ea e criar um v\u00eddeo que torna suas vendas ainda mais prov\u00e1veis. Se quiser, tamb\u00e9m posso incluir v\u00eddeos e fotos de drones a\u00e9reos deslumbrantes.<\/p>\n<\/div><\/div><\/div><\/div><div class=\"et_pb_module et_pb_button_module_wrapper et_pb_button_2_wrapper\"><a class=\"et_pb_button_2 et_pb_button et_pb_bg_layout_light et_animated et_pb_module et_flex_module\" href=\"https:\/\/asv.pt\/pt\/fotografia-imobiliaria-fotografia-de-casas-de-ferias\/\">Mais informa\u00e7\u00f5es<\/a><\/div><\/div><div class=\"et_pb_column_5 et_pb_column et_pb_column_1_3 et_block_column et_pb_css_mix_blend_mode_passthrough et_pb_section_parallax sfly_grey_overlay\"><span class=\"et-pb-parallax-wrapper\"><span class=\"et-pb-parallax-background et-pb-parallax-background-module--divi-column-5\" style=\"background-image:url(https:\/\/asv.pt\/wp-content\/uploads\/2021\/05\/David.jpg)\"><\/span><\/span><div class=\"et_pb_blurb_1 et_pb_blurb et_pb_bg_layout_dark et_pb_text_align_center et_pb_blurb_position_top et_animated et_pb_module et_flex_module preset--module--divi-blurb--default\"><div class=\"et_pb_blurb_content et_flex_module\"><div class=\"et_pb_blurb_container\"><h4 class=\"et_pb_module_header\">Fotografia de Retrato<\/h4><div class=\"et_pb_blurb_description\"><p>Fa\u00e7o retratos para m\u00fasicos, artistas, empres\u00e1rios, empreendedores, empresas e fazedores. Pessoas criativas que comercializam a sua marca e a sua paix\u00e3o. Ou atletas cujo sucesso de treinamento precisa ser capturado.<br \/>Queres um retrato? Eu posso fazer isso.<\/p>\n<\/div><\/div><\/div><\/div><div class=\"et_pb_module et_pb_button_module_wrapper et_pb_button_3_wrapper\"><a class=\"et_pb_button_3 et_pb_button et_pb_bg_layout_light et_animated et_pb_module et_flex_module\" href=\"https:\/\/asv.pt\/pt\/fotografia-de-retrato\/\">Mais informa\u00e7\u00f5es<\/a><\/div><\/div><div class=\"et_pb_column_6 et_pb_column et_pb_column_1_3 et-last-child et_block_column et_pb_css_mix_blend_mode_passthrough et_pb_section_parallax sfly_grey_overlay\"><span class=\"et-pb-parallax-wrapper\"><span class=\"et-pb-parallax-background et-pb-parallax-background-module--divi-column-6\" style=\"background-image:url(https:\/\/asv.pt\/wp-content\/uploads\/2021\/05\/LAB_Grand_Piano.jpg)\"><\/span><\/span><div class=\"et_pb_blurb_2 et_pb_blurb et_pb_bg_layout_dark et_pb_text_align_center et_pb_blurb_position_top et_animated et_pb_module et_flex_module preset--module--divi-blurb--default\"><div class=\"et_pb_blurb_content et_flex_module\"><div class=\"et_pb_blurb_container\"><h4 class=\"et_pb_module_header\">Grava\u00e7\u00e3o de \u00e1udio, mistura e produ\u00e7\u00e3o, editora discogr\u00e1fica<\/h4><div class=\"et_pb_blurb_description\"><p>Como m\u00fasico trabalhei durante anos no ramo da grava\u00e7\u00e3o e produ\u00e7\u00e3o musical. Entrevistas de grava\u00e7\u00e3o, um duo de fado, ou uma banda completa, estou equipado e habilitado para tudo. Posso editar, mixar e masterizar as grava\u00e7\u00f5es para lan\u00e7amento em CD ou streaming. Posso fazer arte para as capas dos seus \u00e1lbuns e at\u00e9 lan\u00e7ar e distribuir a sua m\u00fasica na minha gravadora.<\/p>\n<\/div><\/div><\/div><\/div><div class=\"et_pb_module et_pb_button_module_wrapper et_pb_button_4_wrapper\"><a class=\"et_pb_button_4 et_pb_button et_pb_bg_layout_light et_animated et_pb_module et_flex_module\" href=\"https:\/\/asv.pt\/pt\/sound_recording_studio-lagos-musica\/\">Mais informa\u00e7\u00f5es<\/a><\/div><\/div><\/div><div class=\"et_pb_row_4 et_pb_row et_block_row\"><div class=\"et_pb_column_7 et_pb_column et_pb_column_4_4 et-last-child et_block_column et_pb_css_mix_blend_mode_passthrough\"><div class=\"et_pb_text_5 et_pb_text et_pb_bg_layout_light et_pb_module et_flex_module preset--module--divi-text--default\"><div class=\"et_pb_text_inner\"><h3>Do blogue:<\/h3>\n<\/div><\/div><div class=\"et_pb_post_slider_0 et_pb_post_slider et_pb_bg_layout_dark et_pb_slider et_pb_slider_fullwidth_off et_pb_post_slider_image_left et_pb_slider_with_overlay et_pb_module et_flex_module preset--module--divi-post-slider--default\"><div class=\"et_pb_slides\"><div class=\"et_pb_slide et_pb_slide_with_image et_pb_media_alignment_center et_pb_post_slide-2567\" style=\"background-image:\"><div class=\"et_pb_slide_overlay_container\"><\/div><div class=\"et_pb_container clearfix\"><div class=\"et_pb_slider_container_inner\"><div class=\"et_pb_slide_image\"><img decoding=\"async\" src=\"https:\/\/asv.pt\/wp-content\/uploads\/2025\/06\/BTC_ETA_Icon_3D.png\" alt=\"BTC ETA Tempo de transa\u00e7\u00e3o de Smart Bitcoin\" width=\"1024\" height=\"1024\" title=\"\"><\/div><div class=\"et_pb_slide_description\"><h2 class=\"et_pb_slide_title\"><a href=\"https:\/\/asv.pt\/pt\/2025\/06\/11\/introducing-btc-eta-smart-bitcoin-transaction-timing-for-everyone\/\">Apresentando o BTC ETA: Tempo de transa\u00e7\u00e3o de Bitcoin inteligente para todos<\/a><\/h2><div class=\"et_pb_slide_content\"><div class=\"et_pb_slide_content_body\"><p>As transac\u00e7\u00f5es de Bitcoin podem ser frustrantes. Ou se paga a mais para obter uma confirma\u00e7\u00e3o r\u00e1pida, ou se paga a menos e se espera dias para que a transa\u00e7\u00e3o seja efectuada. E se houvesse uma maneira mais inteligente? Foi exatamente por isso que criei o BTC ETA - Bitcoin Confirmations, agora dispon\u00edvel na App Store. O problema com as taxas de Bitcoin Todo usu\u00e1rio de Bitcoin enfrenta o...<\/p>\n<\/div><\/div><div class=\"et_pb_button_wrapper\"><a class=\"et_pb_button et_pb_more_button\" href=\"https:\/\/asv.pt\/pt\/2025\/06\/11\/introducing-btc-eta-smart-bitcoin-transaction-timing-for-everyone\/\">Leia mais<\/a><\/div><\/div><\/div><\/div><\/div><div class=\"et_pb_slide et_pb_slide_with_image et_pb_media_alignment_center et_pb_post_slide-2498\" style=\"background-image:\"><div class=\"et_pb_slide_overlay_container\"><\/div><div class=\"et_pb_container clearfix\"><div class=\"et_pb_slider_container_inner\"><div class=\"et_pb_slide_image\"><img decoding=\"async\" src=\"https:\/\/asv.pt\/wp-content\/uploads\/2025\/01\/Billy-Sheehan.jpg\" alt=\"Billy Sheehan\" width=\"2400\" height=\"1350\" title=\"\"><\/div><div class=\"et_pb_slide_description\"><h2 class=\"et_pb_slide_title\"><a href=\"https:\/\/asv.pt\/pt\/2025\/01\/06\/creative-excellence-the-hands-behind-the-hands-book\/\">Excel\u00eancia Criativa: As m\u00e3os por detr\u00e1s do livro HANDS<\/a><\/h2><div class=\"et_pb_slide_content\"><div class=\"et_pb_slide_content_body\"><p>Excel\u00eancia Criativa: As m\u00e3os por detr\u00e1s do HANDS BOOK Na Algarve Sound &amp; Vision, a criatividade est\u00e1 no centro de tudo o que fa\u00e7o. O HANDS BOOK \u00e9 um testemunho desta filosofia, mostrando o poder da combina\u00e7\u00e3o de arte, conhecimento t\u00e9cnico e aten\u00e7\u00e3o aos detalhes. Depois de mais de uma d\u00e9cada a ser criado, tenho o prazer de anunciar que o HANDS BOOK...<\/p>\n<\/div><\/div><div class=\"et_pb_button_wrapper\"><a class=\"et_pb_button et_pb_more_button\" href=\"https:\/\/asv.pt\/pt\/2025\/01\/06\/creative-excellence-the-hands-behind-the-hands-book\/\">Leia mais<\/a><\/div><\/div><\/div><\/div><\/div><div class=\"et_pb_slide et_pb_slide_with_image et_pb_media_alignment_center et_pb_post_slide-2470\" style=\"background-image:\"><div class=\"et_pb_slide_overlay_container\"><\/div><div class=\"et_pb_container clearfix\"><div class=\"et_pb_slider_container_inner\"><div class=\"et_pb_slide_image\"><img decoding=\"async\" src=\"https:\/\/asv.pt\/wp-content\/uploads\/2024\/08\/11.png\" alt=\"FretBoard 1.1\" width=\"2160\" height=\"3840\" title=\"\"><\/div><div class=\"et_pb_slide_description\"><h2 class=\"et_pb_slide_title\"><a href=\"https:\/\/asv.pt\/pt\/2024\/08\/26\/fretboard-v1-1-0\/\">FretBoard v1.1.0<\/a><\/h2><div class=\"et_pb_slide_content\"><div class=\"et_pb_slide_content_body\"><p>Ol\u00e1 a todos! Estou super entusiasmado por vos trazer a \u00faltima atualiza\u00e7\u00e3o do FretBoard, e esta vem com algo que acho que v\u00e3o adorar! O que h\u00e1 de novo: Editor de instrumentos: Esta \u00e9 a grande novidade! Adicionei um Editor de Instrumentos que permite criar ou editar instrumentos com afina\u00e7\u00e3o personalizada e design exclusivo. Quer queiras fazer experi\u00eancias com...<\/p>\n<\/div><\/div><div class=\"et_pb_button_wrapper\"><a class=\"et_pb_button et_pb_more_button\" href=\"https:\/\/asv.pt\/pt\/2024\/08\/26\/fretboard-v1-1-0\/\">Leia mais<\/a><\/div><\/div><\/div><\/div><\/div><div class=\"et_pb_slide et_pb_slide_with_image et_pb_media_alignment_center et_pb_post_slide-2411\" style=\"background-image:\"><div class=\"et_pb_slide_overlay_container\"><\/div><div class=\"et_pb_container clearfix\"><div class=\"et_pb_slider_container_inner\"><div class=\"et_pb_slide_image\"><img decoding=\"async\" src=\"https:\/\/asv.pt\/wp-content\/uploads\/2024\/03\/24-03-09-L1000120-1500.jpg\" alt=\"\" width=\"1500\" height=\"1000\" title=\"\"><\/div><div class=\"et_pb_slide_description\"><h2 class=\"et_pb_slide_title\"><a href=\"https:\/\/asv.pt\/pt\/2024\/03\/10\/svetlana-bakushina-fusion-project\/\">Projeto de fus\u00e3o de Svetlana Bakushina<\/a><\/h2><div class=\"et_pb_slide_content\"><div class=\"et_pb_slide_content_body\"><p>No ambiente encantador do Cine Teatro Louletano, o Projeto de Fus\u00e3o de Svetlana Bakushina revelou uma mistura hipnotizante de jazz, melodias \u00e9tnicas e elementos de rock progressivo, cativando o p\u00fablico com uma tape\u00e7aria v\u00edvida de som e vis\u00e3o. No cora\u00e7\u00e3o deste projeto musical \u00fanico est\u00e1 Svetlana Bakushina, cujo comando virtuoso...<\/p>\n<\/div><\/div><div class=\"et_pb_button_wrapper\"><a class=\"et_pb_button et_pb_more_button\" href=\"https:\/\/asv.pt\/pt\/2024\/03\/10\/svetlana-bakushina-fusion-project\/\">Leia mais<\/a><\/div><\/div><\/div><\/div><\/div><div class=\"et_pb_slide et_pb_slide_with_image et_pb_media_alignment_center et_pb_post_slide-2378\" style=\"background-image:\"><div class=\"et_pb_slide_overlay_container\"><\/div><div class=\"et_pb_container clearfix\"><div class=\"et_pb_slider_container_inner\"><div class=\"et_pb_slide_image\"><img decoding=\"async\" src=\"https:\/\/asv.pt\/wp-content\/uploads\/2023\/11\/FretBoardWebsite.png\" alt=\"Acordes e escalas em FretBoard\" width=\"1024\" height=\"629\" title=\"\"><\/div><div class=\"et_pb_slide_description\"><h2 class=\"et_pb_slide_title\"><a href=\"https:\/\/asv.pt\/pt\/2024\/01\/19\/fretboard-chords-scales-app-now-available-for-android-users\/\">FretBoard Chords &amp; Scales App: Agora dispon\u00edvel para utilizadores de Android!<\/a><\/h2><div class=\"et_pb_slide_content\"><div class=\"et_pb_slide_content_body\"><p>Sauda\u00e7\u00f5es a todos os entusiastas da m\u00fasica e m\u00fasicos com conhecimentos tecnol\u00f3gicos! Hoje, estou incrivelmente entusiasmado por partilhar algumas not\u00edcias fant\u00e1sticas do mundo digital da m\u00fasica. Como muitos de v\u00f3s sabem, o Algarve Sound &amp; Vision n\u00e3o se limita a criar belos sons e imagens; tamb\u00e9m se trata de abra\u00e7ar a tecnologia que melhora as nossas experi\u00eancias musicais. Em linha com...<\/p>\n<\/div><\/div><div class=\"et_pb_button_wrapper\"><a class=\"et_pb_button et_pb_more_button\" href=\"https:\/\/asv.pt\/pt\/2024\/01\/19\/fretboard-chords-scales-app-now-available-for-android-users\/\">Leia mais<\/a><\/div><\/div><\/div><\/div><\/div><div class=\"et_pb_slide et_pb_slide_with_image et_pb_media_alignment_center et_pb_post_slide-2269\" style=\"background-image:\"><div class=\"et_pb_slide_overlay_container\"><\/div><div class=\"et_pb_container clearfix\"><div class=\"et_pb_slider_container_inner\"><div class=\"et_pb_slide_image\"><img decoding=\"async\" src=\"https:\/\/asv.pt\/wp-content\/uploads\/2023\/11\/2023-09-25-09.55.36-1500.jpg\" alt=\"ChocoMama crua\" width=\"1500\" height=\"1000\" title=\"\"><\/div><div class=\"et_pb_slide_description\"><h2 class=\"et_pb_slide_title\"><a href=\"https:\/\/asv.pt\/pt\/2023\/11\/25\/capturing-the-essence-of-raw-chocomama-a-photographic-journey\/\">Capturando a ess\u00eancia da ChocoMama crua: uma viagem fotogr\u00e1fica<\/a><\/h2><div class=\"et_pb_slide_content\"><div class=\"et_pb_slide_content_body\"><p>Capturando a Ess\u00eancia da Raw ChocoMama: Uma Viagem Fotogr\u00e1fica Aninhada no cora\u00e7\u00e3o da natureza, onde o canto dos p\u00e1ssaros enche o ar e as estrelas iluminam o c\u00e9u noturno, encontra-se a cozinha movida a energia solar da Raw ChocoMama - um ref\u00fagio n\u00e3o s\u00f3 para a confe\u00e7\u00e3o de chocolate, mas tamb\u00e9m para a criatividade e a liga\u00e7\u00e3o. Recentemente tive o privil\u00e9gio de captar a magia deste espa\u00e7o...<\/p>\n<\/div><\/div><div class=\"et_pb_button_wrapper\"><a class=\"et_pb_button et_pb_more_button\" href=\"https:\/\/asv.pt\/pt\/2023\/11\/25\/capturing-the-essence-of-raw-chocomama-a-photographic-journey\/\">Leia mais<\/a><\/div><\/div><\/div><\/div><\/div><\/div><\/div><\/div><\/div><div class=\"et_pb_row_5 et_pb_row et_block_row\"><div class=\"et_pb_column_8 et_pb_column et_pb_column_4_4 et-last-child et_block_column et_pb_css_mix_blend_mode_passthrough\"><div class=\"et_pb_text_6 et_pb_text et_pb_bg_layout_light et_pb_module et_flex_module preset--module--divi-text--default\"><div class=\"et_pb_text_inner\"><h3>Do blogue:<\/h3>\n<\/div><\/div><div class=\"et_pb_post_slider_1 et_pb_post_slider et_pb_bg_layout_dark et_pb_slider et_pb_slider_fullwidth_off et_pb_post_slider_image_background et_pb_slider_with_overlay et_pb_module et_flex_module preset--module--divi-post-slider--default\"><div class=\"et_pb_slides\"><div class=\"et_pb_slide et_pb_post_slide-2567\" style=\"background-image:url(https:\/\/asv.pt\/wp-content\/uploads\/2025\/06\/BTC_ETA_Icon_3D.png)\"><div class=\"et_pb_slide_overlay_container\"><\/div><div class=\"et_pb_container clearfix\"><div class=\"et_pb_slider_container_inner\"><div class=\"et_pb_slide_description\"><h2 class=\"et_pb_slide_title\"><a href=\"https:\/\/asv.pt\/pt\/2025\/06\/11\/introducing-btc-eta-smart-bitcoin-transaction-timing-for-everyone\/\">Apresentando o BTC ETA: Tempo de transa\u00e7\u00e3o de Bitcoin inteligente para todos<\/a><\/h2><div class=\"et_pb_slide_content\"><div class=\"et_pb_slide_content_body\"><p>As transac\u00e7\u00f5es de Bitcoin podem ser frustrantes. Ou se paga a mais para obter uma confirma\u00e7\u00e3o r\u00e1pida, ou se paga a menos e se espera dias para que a transa\u00e7\u00e3o seja efectuada. E se houvesse uma maneira mais inteligente? Foi exatamente por isso que criei o BTC ETA - Bitcoin Confirmations, agora dispon\u00edvel na App Store. O problema com as taxas de Bitcoin Todo usu\u00e1rio de Bitcoin enfrenta o...<\/p>\n<\/div><\/div><div class=\"et_pb_button_wrapper\"><a class=\"et_pb_button et_pb_more_button\" href=\"https:\/\/asv.pt\/pt\/2025\/06\/11\/introducing-btc-eta-smart-bitcoin-transaction-timing-for-everyone\/\">Leia mais<\/a><\/div><\/div><\/div><\/div><\/div><div class=\"et_pb_slide et_pb_post_slide-2498\" style=\"background-image:url(https:\/\/asv.pt\/wp-content\/uploads\/2025\/01\/Billy-Sheehan.jpg)\"><div class=\"et_pb_slide_overlay_container\"><\/div><div class=\"et_pb_container clearfix\"><div class=\"et_pb_slider_container_inner\"><div class=\"et_pb_slide_description\"><h2 class=\"et_pb_slide_title\"><a href=\"https:\/\/asv.pt\/pt\/2025\/01\/06\/creative-excellence-the-hands-behind-the-hands-book\/\">Excel\u00eancia Criativa: As m\u00e3os por detr\u00e1s do livro HANDS<\/a><\/h2><div class=\"et_pb_slide_content\"><div class=\"et_pb_slide_content_body\"><p>Excel\u00eancia Criativa: As m\u00e3os por detr\u00e1s do HANDS BOOK Na Algarve Sound &amp; Vision, a criatividade est\u00e1 no centro de tudo o que fa\u00e7o. O HANDS BOOK \u00e9 um testemunho desta filosofia, mostrando o poder da combina\u00e7\u00e3o de arte, conhecimento t\u00e9cnico e aten\u00e7\u00e3o aos detalhes. Depois de mais de uma d\u00e9cada a ser criado, tenho o prazer de anunciar que o HANDS BOOK...<\/p>\n<\/div><\/div><div class=\"et_pb_button_wrapper\"><a class=\"et_pb_button et_pb_more_button\" href=\"https:\/\/asv.pt\/pt\/2025\/01\/06\/creative-excellence-the-hands-behind-the-hands-book\/\">Leia mais<\/a><\/div><\/div><\/div><\/div><\/div><div class=\"et_pb_slide et_pb_post_slide-2470\" style=\"background-image:url(https:\/\/asv.pt\/wp-content\/uploads\/2024\/08\/11.png)\"><div class=\"et_pb_slide_overlay_container\"><\/div><div class=\"et_pb_container clearfix\"><div class=\"et_pb_slider_container_inner\"><div class=\"et_pb_slide_description\"><h2 class=\"et_pb_slide_title\"><a href=\"https:\/\/asv.pt\/pt\/2024\/08\/26\/fretboard-v1-1-0\/\">FretBoard v1.1.0<\/a><\/h2><div class=\"et_pb_slide_content\"><div class=\"et_pb_slide_content_body\"><p>Ol\u00e1 a todos! Estou super entusiasmado por vos trazer a \u00faltima atualiza\u00e7\u00e3o do FretBoard, e esta vem com algo que acho que v\u00e3o adorar! O que h\u00e1 de novo: Editor de instrumentos: Esta \u00e9 a grande novidade! Adicionei um Editor de Instrumentos que permite criar ou editar instrumentos com afina\u00e7\u00e3o personalizada e design exclusivo. Quer queiras fazer experi\u00eancias com...<\/p>\n<\/div><\/div><div class=\"et_pb_button_wrapper\"><a class=\"et_pb_button et_pb_more_button\" href=\"https:\/\/asv.pt\/pt\/2024\/08\/26\/fretboard-v1-1-0\/\">Leia mais<\/a><\/div><\/div><\/div><\/div><\/div><\/div><\/div><\/div><\/div><\/div>","protected":false},"excerpt":{"rendered":"","protected":false},"author":1,"featured_media":0,"parent":0,"menu_order":0,"comment_status":"closed","ping_status":"open","template":"","meta":{"footnotes":""},"class_list":["post-2","page","type-page","status-publish","hentry"],"_links":{"self":[{"href":"https:\/\/asv.pt\/pt\/wp-json\/wp\/v2\/pages\/2","targetHints":{"allow":["GET"]}}],"collection":[{"href":"https:\/\/asv.pt\/pt\/wp-json\/wp\/v2\/pages"}],"about":[{"href":"https:\/\/asv.pt\/pt\/wp-json\/wp\/v2\/types\/page"}],"author":[{"embeddable":true,"href":"https:\/\/asv.pt\/pt\/wp-json\/wp\/v2\/users\/1"}],"replies":[{"embeddable":true,"href":"https:\/\/asv.pt\/pt\/wp-json\/wp\/v2\/comments?post=2"}],"version-history":[{"count":40,"href":"https:\/\/asv.pt\/pt\/wp-json\/wp\/v2\/pages\/2\/revisions"}],"predecessor-version":[{"id":2783,"href":"https:\/\/asv.pt\/pt\/wp-json\/wp\/v2\/pages\/2\/revisions\/2783"}],"wp:attachment":[{"href":"https:\/\/asv.pt\/pt\/wp-json\/wp\/v2\/media?parent=2"}],"curies":[{"name":"wp","href":"https:\/\/api.w.org\/{rel}","templated":true}]}}