{"id":32,"date":"2021-04-02T13:01:01","date_gmt":"2021-04-02T12:01:01","guid":{"rendered":"https:\/\/asv.pt\/?page_id=32"},"modified":"2025-11-01T19:39:37","modified_gmt":"2025-11-01T19:39:37","slug":"fotografia-imobiliaria-fotografia-de-casas-de-ferias","status":"publish","type":"page","link":"https:\/\/asv.pt\/pt\/real-estate-photography-holiday-home-photography\/","title":{"rendered":"Fotografia de Im\u00f3veis e Fotografia de Casas de F\u00e9rias"},"content":{"rendered":"<div class=\"et_pb_section_0 et_pb_section et_pb_fullwidth_section et_section_regular et_block_section sfly_hero sfly_hero_4\"><section class=\"et_pb_fullwidth_header_0 et_pb_fullwidth_header et_pb_fullscreen et_pb_bg_layout_dark et_pb_text_align_right et_animated et_pb_section_parallax et_pb_module et_flex_module sfly_fullwidth_header\"><span class=\"et-pb-parallax-wrapper\"><span class=\"et-pb-parallax-background et-pb-parallax-background-module--divi-fullwidth-header-0\" style=\"background-image:url(https:\/\/asv.pt\/wp-content\/uploads\/2021\/04\/HolidayHomePhotography.jpg)\"><\/span><\/span><div class=\"et_pb_fullwidth_header_container right\"><div class=\"header-content-container center\"><div class=\"header-content et_flex_module\"><h1 class=\"et_pb_module_header\">Fotografia de f\u00e9rias, Fotografia imobili\u00e1ria<\/h1><span class=\"et_pb_fullwidth_header_subhead\">Servi\u00e7os de fotografia profissional para ag\u00eancias imobili\u00e1rias, arquitectos e propriet\u00e1rios de casas de f\u00e9rias<\/span><div class=\"et_pb_header_button_wrapper\"><\/div><\/div><\/div><\/div><div class=\"et_pb_fullwidth_header_overlay\"><\/div><div class=\"et_pb_fullwidth_header_scroll\"><a class=\"scroll-down-container\" href=\"#\"><span class=\"scroll-down et-pb-icon\">;<\/span><\/a><\/div><\/section><\/div><div class=\"et_pb_section_1 et_pb_section et_section_regular et_block_section sfly_general sfly_general_9\"><div class=\"et_pb_row_0 et_pb_row et_pb_equal_columns et_pb_gutters1 et_block_row sfly_column_switch et_pb_row_fullwidth\"><div class=\"et_pb_column_0 et_pb_column et_pb_column_1_2 et_block_column et_pb_css_mix_blend_mode_passthrough column1\"><div class=\"et_pb_text_0 et_pb_text et_pb_bg_layout_dark et_pb_module et_flex_module preset--module--divi-text--default\"><div class=\"et_pb_text_inner\"><h2>Uma imagem diz mais de 1000 palavras<\/h2>\n<p>O que aconteceria se escrevesse um belo texto, mas as imagens fossem fotografadas sem amor? As pessoas n\u00e3o iriam acreditar em si. Se a sua propriedade para vender n\u00e3o parecesse um lugar bonito, sentiria falta de potenciais investidores ou n\u00e3o a venderia de todo. Fotografias de alta qualidade s\u00e3o um factor chave quando se vende uma casa, e \u00e9 por isso que a fotografia imobili\u00e1ria profissional \u00e9 t\u00e3o importante. Pode mesmo maximizar este efeito atrav\u00e9s de <a href=\"https:\/\/asv.pt\/pt\/videos-e-imagens-de-drones-do-algarve\/\">adicionar filmagens de zang\u00f5es<\/a>.<\/p>\n<p>Se a sua casa de f\u00e9rias s\u00f3 aparece como uma \"propriedade alugada\" e n\u00e3o como um retiro para se sentir bem, ent\u00e3o voc\u00ea vai notar isso em demanda e ocupa\u00e7\u00e3o. Fotos perfeitas de propriedades ou fotos de casas de f\u00e9rias valem, portanto, cada centavo porque as emo\u00e7\u00f5es associadas a elas s\u00e3o muitas vezes decisivas para uma venda ou uma reserva com voc\u00ea.<\/p>\n<\/div><\/div><div class=\"et_pb_module et_pb_button_module_wrapper et_pb_button_0_wrapper\"><a class=\"et_pb_button_0 et_pb_button et_pb_bg_layout_light et_pb_module et_flex_module\" href=\"https:\/\/asv.pt\/pt\/contato\/\">Contacte-me para mais detalhes<\/a><\/div><\/div><div class=\"et_pb_column_1 et_pb_column et_pb_column_1_2 et-last-child et_block_column et_pb_css_mix_blend_mode_passthrough column2\"><div class=\"et_pb_divider_0 et_pb_divider et_pb_space et_pb_divider_position_top et_pb_module divider_spacer\"><div class=\"et_pb_divider_internal\"><\/div><\/div><\/div><\/div><\/div><div class=\"et_pb_section_2 et_pb_section et_section_regular et_block_section sfly_general sfly_general_8\"><div class=\"et_pb_row_1 et_pb_row et_pb_equal_columns et_pb_gutters1 et_block_row et_pb_row_fullwidth\"><div class=\"et_pb_column_2 et_pb_column et_pb_column_1_2 et_block_column et_pb_css_mix_blend_mode_passthrough column1\"><div class=\"et_pb_divider_1 et_pb_divider et_pb_space et_pb_divider_position_top et_pb_module divider_spacer\"><div class=\"et_pb_divider_internal\"><\/div><\/div><\/div><div class=\"et_pb_column_3 et_pb_column et_pb_column_1_2 et-last-child et_block_column et_pb_css_mix_blend_mode_passthrough column2\"><div class=\"et_pb_text_1 et_pb_text et_pb_bg_layout_light et_pb_module et_flex_module preset--module--divi-text--default\"><div class=\"et_pb_text_inner\"><h2>Atraia os seus convidados<\/h2>\n<p>Quer fotografias significativas com um factor de bem-estar da sua propriedade de f\u00e9rias? Eu crio fotografias de alta qualidade do seu im\u00f3vel de f\u00e9rias para posterior comercializa\u00e7\u00e3o, por exemplo, em portais de aluguer, websites, revistas, panfletos publicit\u00e1rios, e assim por diante.<\/p>\n<p>A sua casa de f\u00e9rias est\u00e1 preparada com amor e carinho. Este sentimento caloroso \u00e9 o que eu quero revelar no meu trabalho com fotografias \u00fanicas. As emo\u00e7\u00f5es tamb\u00e9m ser\u00e3o a raz\u00e3o para escolher exactamente o seu apartamento de f\u00e9rias.<\/p>\n<p>Um feriado \u00e9 uma \u00e9poca do ano em que voc\u00ea quer relaxar, experimentar algo, descobrir algo novo, dormir, tomar um longo caf\u00e9 da manh\u00e3. Para esta altura, cada h\u00f3spede procura um domic\u00edlio adequado. Mostre aos seus futuros h\u00f3spedes porque querem passar as suas f\u00e9rias no seu aluguer de f\u00e9rias. Mostre-lhes que eles t\u00eam tudo o que esperam, esperam e sonham na sua casa de f\u00e9rias.<\/p>\n<\/div><\/div><div class=\"et_pb_module et_pb_button_module_wrapper et_pb_button_1_wrapper\"><a class=\"et_pb_button_1 et_pb_button et_pb_bg_layout_light et_pb_module et_flex_module\" href=\"https:\/\/asv.pt\/pt\/contato\/\">Vamos&#039;s fazer isto!<\/a><\/div><\/div><\/div><\/div><div class=\"et_pb_section_3 et_pb_section et_section_regular et_block_section sfly_general sfly_general_9\"><div class=\"et_pb_row_2 et_pb_row et_pb_equal_columns et_pb_gutters1 et_block_row sfly_column_switch et_pb_row_fullwidth\"><div class=\"et_pb_column_4 et_pb_column et_pb_column_1_2 et_block_column et_pb_css_mix_blend_mode_passthrough column1\"><div class=\"et_pb_text_2 et_pb_text et_pb_bg_layout_dark et_pb_module et_flex_module preset--module--divi-text--default\"><div class=\"et_pb_text_inner\"><h2>Atraia os seus clientes<\/h2>\n<p>Entregar uma imagem perfeita do im\u00f3vel que est\u00e1 a vender \u00e9 a parte mais importante do caminho para encontrar o cliente certo. As fotografias que vai utilizar s\u00e3o a primeira coisa que o cliente v\u00ea da sua casa. A sua decis\u00e3o se o seu objecto \u00e9 interessante para ele ou n\u00e3o depende apenas do seu impacto.<\/p>\n<h3>Habilidades em fotografia imobili\u00e1ria<\/h3>\n<p>Portanto, a fotografia imobili\u00e1ria envolve mais do que voc\u00ea possa pensar. A encena\u00e7\u00e3o da casa, a ilumina\u00e7\u00e3o, os adere\u00e7os, encontrar o \u00e2ngulo perfeito para cada divis\u00e3o, escolher a hora certa do dia para fotos exteriores, edi\u00e7\u00e3o de fotos, cada passo tem de ser feito com habilidade e finalmente somar a imagem perfeita.<\/p>\n<p>As fotografias profissionais de um im\u00f3vel d\u00e3o confian\u00e7a ao potencial comprador e apoiam o pre\u00e7o pedido pelo vendedor. Com boas fotografias, o comprador pode imaginar melhor o im\u00f3vel \u00e0 venda e decidir mais f\u00e1cil e rapidamente se o im\u00f3vel \u00e9 adequado para ele.<\/p>\n<\/div><\/div><div class=\"et_pb_module et_pb_button_module_wrapper et_pb_button_2_wrapper\"><a class=\"et_pb_button_2 et_pb_button et_pb_bg_layout_light et_pb_module et_flex_module\" href=\"https:\/\/asv.pt\/pt\/contato\/\">Isto \u00e9 o que eu procurava.<\/a><\/div><\/div><div class=\"et_pb_column_5 et_pb_column et_pb_column_1_2 et-last-child et_block_column et_pb_css_mix_blend_mode_passthrough column2\"><div class=\"et_pb_divider_2 et_pb_divider et_pb_space et_pb_divider_position_top et_pb_module divider_spacer\"><div class=\"et_pb_divider_internal\"><\/div><\/div><\/div><\/div><\/div><div class=\"et_pb_section_4 et_pb_section et_section_regular et_block_section sfly_image sfly_image_3\"><div class=\"et_pb_row_3 et_pb_row et_block_row\"><div class=\"et_pb_column_6 et_pb_column et_pb_column_4_4 et-last-child et_block_column et_pb_css_mix_blend_mode_passthrough\"><div class=\"et_pb_text_3 et_pb_text et_pb_bg_layout_light et_pb_module et_flex_module preset--module--divi-text--default\"><div class=\"et_pb_text_inner\"><h2>Exemplos do meu trabalho<\/h2>\n<\/div><\/div><\/div><\/div><div class=\"et_pb_row_4 et_pb_row et_pb_gutters2 et_block_row\"><div class=\"et_pb_column_7 et_pb_column et_pb_column_1_3 et_block_column et_pb_css_mix_blend_mode_passthrough\"><div class=\"et_pb_image_0 et_pb_image et_pb_has_overlay et_animated et_pb_module et_flex_module preset--module--divi-image--default\"><a href=\"https:\/\/asv.pt\/wp-content\/uploads\/2021\/05\/CasaMasterBedroom-scaled.jpg\" title=\"fotografia imobili\u00e1ria\" class=\"et_pb_lightbox_image\"><span class=\"et_pb_image_wrap\"><img decoding=\"async\" src=\"https:\/\/asv.pt\/wp-content\/uploads\/2021\/05\/CasaMasterBedroom-scaled.jpg\" alt=\"fotografia imobili\u00e1ria\" title=\"fotografia imobili\u00e1ria\" width=\"2560\" height=\"1712\" class=\"wp-image-872\" \/><span class=\"et_overlay\"><\/span><\/span><\/a><\/div><\/div><div class=\"et_pb_column_8 et_pb_column et_pb_column_1_3 et_block_column et_pb_css_mix_blend_mode_passthrough\"><div class=\"et_pb_image_1 et_pb_image et_pb_has_overlay et_animated et_pb_module et_flex_module preset--module--divi-image--default\"><a href=\"https:\/\/asv.pt\/wp-content\/uploads\/2021\/05\/Bedroom.jpg\" title=\"Dormit\u00f3rio\" class=\"et_pb_lightbox_image\"><span class=\"et_pb_image_wrap\"><img decoding=\"async\" src=\"https:\/\/asv.pt\/wp-content\/uploads\/2021\/05\/Bedroom.jpg\" alt=\"Dormit\u00f3rio\" title=\"Dormit\u00f3rio\" width=\"2000\" height=\"1333\" class=\"wp-image-870\" \/><span class=\"et_overlay\"><\/span><\/span><\/a><\/div><\/div><div class=\"et_pb_column_9 et_pb_column et_pb_column_1_3 et-last-child et_block_column et_pb_css_mix_blend_mode_passthrough\"><div class=\"et_pb_image_2 et_pb_image et_pb_has_overlay et_animated et_pb_module et_flex_module preset--module--divi-image--default\"><a href=\"https:\/\/asv.pt\/wp-content\/uploads\/2022\/04\/View.png\" title=\"Uma bela vista \u00e9 sempre um atractivo\" class=\"et_pb_lightbox_image\"><span class=\"et_pb_image_wrap\"><img decoding=\"async\" src=\"https:\/\/asv.pt\/wp-content\/uploads\/2022\/04\/View.png\" alt=\"Uma bela vista \u00e9 sempre um atractivo\" title=\"Uma bela vista \u00e9 sempre um atractivo\" width=\"1500\" height=\"1000\" class=\"wp-image-1578\" \/><span class=\"et_overlay\"><\/span><\/span><\/a><\/div><\/div><\/div><div class=\"et_pb_row_5 et_pb_row et_pb_gutters2 et_block_row\"><div class=\"et_pb_column_10 et_pb_column et_pb_column_1_3 et_block_column et_pb_css_mix_blend_mode_passthrough\"><div class=\"et_pb_image_3 et_pb_image et_pb_has_overlay et_animated et_pb_module et_flex_module preset--module--divi-image--default\"><a href=\"https:\/\/asv.pt\/wp-content\/uploads\/2022\/04\/Drone-Algarve.png\" title=\"Fotografias de Drone de im\u00f3veis do Algarve\" class=\"et_pb_lightbox_image\"><span class=\"et_pb_image_wrap\"><img decoding=\"async\" src=\"https:\/\/asv.pt\/wp-content\/uploads\/2022\/04\/Drone-Algarve.png\" alt=\"Fotografias de Drone de im\u00f3veis do Algarve\" title=\"Fotografias de Drone de im\u00f3veis do Algarve\" width=\"1500\" height=\"1000\" class=\"wp-image-1576\" \/><span class=\"et_overlay\"><\/span><\/span><\/a><\/div><\/div><div class=\"et_pb_column_11 et_pb_column et_pb_column_1_3 et_block_column et_pb_css_mix_blend_mode_passthrough\"><div class=\"et_pb_image_4 et_pb_image et_pb_has_overlay et_animated et_pb_module et_flex_module preset--module--divi-image--default\"><a href=\"https:\/\/asv.pt\/wp-content\/uploads\/2021\/08\/L1000177.jpg\" title=\"Piscina\" class=\"et_pb_lightbox_image\"><span class=\"et_pb_image_wrap\"><img decoding=\"async\" src=\"https:\/\/asv.pt\/wp-content\/uploads\/2021\/08\/L1000177.jpg\" alt=\"Piscina\" title=\"Piscina\" width=\"2048\" height=\"1365\" class=\"wp-image-1208\" \/><span class=\"et_overlay\"><\/span><\/span><\/a><\/div><\/div><div class=\"et_pb_column_12 et_pb_column et_pb_column_1_3 et-last-child et_block_column et_pb_css_mix_blend_mode_passthrough\"><div class=\"et_pb_image_5 et_pb_image et_pb_has_overlay et_animated et_pb_module et_flex_module preset--module--divi-image--default\"><a href=\"https:\/\/asv.pt\/wp-content\/uploads\/2022\/04\/Bathroom.png\" title=\"Mesmo a casa de banho mais pequena pode parecer grande\" class=\"et_pb_lightbox_image\"><span class=\"et_pb_image_wrap\"><img decoding=\"async\" src=\"https:\/\/asv.pt\/wp-content\/uploads\/2022\/04\/Bathroom.png\" alt=\"Mesmo a casa de banho mais pequena pode parecer grande\" title=\"Mesmo a casa de banho mais pequena pode parecer grande\" width=\"1500\" height=\"1000\" class=\"wp-image-1579\" \/><span class=\"et_overlay\"><\/span><\/span><\/a><\/div><\/div><\/div><div class=\"et_pb_row_6 et_pb_row et_pb_gutters2 et_block_row\"><div class=\"et_pb_column_13 et_pb_column et_pb_column_1_3 et_block_column et_pb_css_mix_blend_mode_passthrough\"><div class=\"et_pb_image_6 et_pb_image et_pb_has_overlay et_animated et_pb_module et_flex_module preset--module--divi-image--default\"><a href=\"https:\/\/asv.pt\/wp-content\/uploads\/2022\/04\/Exteriour-Shots.png\" title=\"Tamb\u00e9m as fotos exteriores s\u00e3o importantes para atrair o cliente\" class=\"et_pb_lightbox_image\"><span class=\"et_pb_image_wrap\"><img decoding=\"async\" src=\"https:\/\/asv.pt\/wp-content\/uploads\/2022\/04\/Exteriour-Shots.png\" alt=\"Tamb\u00e9m as fotos exteriores s\u00e3o importantes para atrair o cliente\" title=\"Tamb\u00e9m as fotos exteriores s\u00e3o importantes para atrair o cliente\" width=\"1500\" height=\"1000\" class=\"wp-image-1577\" \/><span class=\"et_overlay\"><\/span><\/span><\/a><\/div><\/div><div class=\"et_pb_column_14 et_pb_column et_pb_column_1_3 et_block_column et_pb_css_mix_blend_mode_passthrough\"><div class=\"et_pb_image_7 et_pb_image et_pb_has_overlay et_animated et_pb_module et_flex_module preset--module--divi-image--default\"><a href=\"https:\/\/asv.pt\/wp-content\/uploads\/2021\/05\/WideAngle-scaled.jpg\" title=\"Tiros em grande \u00e2ngulo para uma boa vis\u00e3o geral.\" class=\"et_pb_lightbox_image\"><span class=\"et_pb_image_wrap\"><img decoding=\"async\" src=\"https:\/\/asv.pt\/wp-content\/uploads\/2021\/05\/WideAngle-scaled.jpg\" alt=\"Tiros em grande \u00e2ngulo para uma boa vis\u00e3o geral.\" title=\"Tiros em grande \u00e2ngulo para uma boa vis\u00e3o geral.\" width=\"2560\" height=\"1707\" class=\"wp-image-975\" \/><span class=\"et_overlay\"><\/span><\/span><\/a><\/div><\/div><div class=\"et_pb_column_15 et_pb_column et_pb_column_1_3 et-last-child et_block_column et_pb_css_mix_blend_mode_passthrough\"><div class=\"et_pb_image_8 et_pb_image et_pb_has_overlay et_animated et_pb_module et_flex_module preset--module--divi-image--default\"><a href=\"https:\/\/asv.pt\/wp-content\/uploads\/2022\/04\/Drone-Pictures-ASV.png\" title=\"Fotos Drone ajudam a alugar uma casa de f\u00e9rias\" class=\"et_pb_lightbox_image\"><span class=\"et_pb_image_wrap\"><img decoding=\"async\" src=\"https:\/\/asv.pt\/wp-content\/uploads\/2022\/04\/Drone-Pictures-ASV.png\" alt=\"Fotos Drone ajudam a alugar uma casa de f\u00e9rias\" title=\"Fotos Drone ajudam a alugar uma casa de f\u00e9rias\" width=\"1500\" height=\"1000\" class=\"wp-image-1575\" \/><span class=\"et_overlay\"><\/span><\/span><\/a><\/div><\/div><\/div><\/div><div class=\"et_pb_section_5 et_pb_section et_section_regular et_block_section\"><div class=\"et_pb_row_7 et_pb_row et_block_row\"><div class=\"et_pb_column_16 et_pb_column et_pb_column_4_4 et-last-child et_block_column et_pb_css_mix_blend_mode_passthrough\"><div class=\"et_pb_text_4 et_pb_text et_pb_bg_layout_light et_pb_module et_flex_module preset--module--divi-text--default\"><div class=\"et_pb_text_inner\"><h2>Perguntas mais frequentes (FAQ)<\/h2>\n<\/div><\/div><\/div><\/div><div class=\"et_pb_row_8 et_pb_row et_block_row\"><div class=\"et_pb_column_17 et_pb_column et_pb_column_4_4 et-last-child et_block_column et_pb_css_mix_blend_mode_passthrough\"><div class=\"et_pb_accordion_0 et_pb_accordion et_pb_module et_flex_module preset--module--divi-accordion--default\"><div class=\"et_pb_accordion_item_0 et_pb_accordion_item et_pb_toggle et_pb_module et_pb_toggle_open et_flex_module\"><h5 class=\"et_pb_toggle_title\">Quando \u00e9 a melhor altura para fotografar a minha propriedade de f\u00e9rias?<\/h5><div class=\"et_pb_toggle_content et_flex_module\"><p><strong>Temporada<\/strong><\/p>\n<p><i>primavera\/ver\u00e3o - imagens para a esta\u00e7\u00e3o principal<\/i><\/p>\n<p>Quando tudo est\u00e1 verde e a florescer de novo, a natureza despertou completamente e os dias est\u00e3o a ficar mais longos at\u00e9 aos primeiros an\u00fancios de outono, podem ser criadas fotografias para a \u00e9poca principal do ano - grosso modo, tudo entre abril e julho.<\/p>\n<p>Tento evitar fotografar em dias de chuva ou quando o c\u00e9u est\u00e1 completamente nublado - especialmente quando tiro fotografias com drones - porque isto n\u00e3o \u00e9 representativo do Algarve no ver\u00e3o.  Mas, por vezes, o tempo \u00e9 premente para si, enquanto propriet\u00e1rio, e precisa das imagens para poder alugar. Em \u00faltima an\u00e1lise, \u00e9 voc\u00ea que decide - a nossa recomenda\u00e7\u00e3o \u00e9 encontrar uma data alternativa em caso de chuva.<\/p>\n<p><i>outono\/inverno - imagens para a \u00e9poca baixa<\/i><\/p>\n<p>H\u00e1 certos ambientes de luz que tamb\u00e9m comp\u00f5em as esta\u00e7\u00f5es do ano - por isso, nos meses finais do outono e no inverno, pode realizar imagens completamente diferentes de uma forma aut\u00eantica. Para si, como propriet\u00e1rio de uma ou mais propriedades de f\u00e9rias, o mais importante \u00e9 tamb\u00e9m alugar os belos dias da \u00e9poca baixa. A maior parte dos propriet\u00e1rios mostra sempre as mesmas fotografias - sem incluir fotografias sazonais. Um potencial h\u00f3spede que pretenda passar f\u00e9rias em novembro ou dezembro tem uma excelente escolha de alojamento, a maior parte deles gratuitos - \u00e9 aqui que uma casa de f\u00e9rias se destaca, mostrando o qu\u00e3o acolhedor, tranquilo e relaxante pode ser o tempo na sua propriedade (seja atrav\u00e9s de cenas junto \u00e0 lareira, dos cobertores quentes na cama, para citar apenas duas op\u00e7\u00f5es).<\/p>\n<p><strong>Hora do dia<\/strong><\/p>\n<p>Isto pode depender da orienta\u00e7\u00e3o do c\u00e9u da sua propriedade de f\u00e9rias - N\/O\/S\/W, se houver uma orienta\u00e7\u00e3o espec\u00edfica, esta ser\u00e1 tida em conta na altura do dia. A maioria das propriedades tem v\u00e1rias orienta\u00e7\u00f5es, pelo que tenho tido as melhores experi\u00eancias quando planeamos as filmagens para o in\u00edcio da manh\u00e3\/fim da tarde.<br \/>\nEspecialmente para filmagens a\u00e9reas feitas com um drone, tento capturar a casa duas ou tr\u00eas vezes ao longo de todo o dia.<\/p>\n<\/div><\/div><div class=\"et_pb_accordion_item_1 et_pb_accordion_item et_pb_toggle et_pb_module et_pb_toggle_close et_flex_module\"><h5 class=\"et_pb_toggle_title\">Tenho de l\u00e1 estar eu pr\u00f3prio para os tiroteios?<\/h5><div class=\"et_pb_toggle_content et_flex_module\"><p> N\u00e3o - n\u00e3o precisa de o fazer. Eu trato do acesso \u00e0 sua propriedade (com a sua ajuda). Depois, deixo-a como a encontrei.<\/p>\n<p>\u00c9 claro que pode estar presente durante as filmagens - por exemplo, se estiver de f\u00e9rias na sua casa de f\u00e9rias ou se tiver ideias claras que gostaria de discutir comigo no local.<\/p>\n<\/div><\/div><div class=\"et_pb_accordion_item_2 et_pb_accordion_item et_pb_toggle et_pb_module et_pb_toggle_close et_flex_module\"><h5 class=\"et_pb_toggle_title\">O que posso preparar para as fotografias?<\/h5><div class=\"et_pb_toggle_content et_flex_module\"><p>A sua casa\/apartamento deve estar limpa para a sess\u00e3o fotogr\u00e1fica, todas as luzes devem estar a funcionar e as camas devem estar feitas. Estes s\u00e3o os tr\u00eas preparativos mais importantes. Caso contr\u00e1rio, qualquer outra prepara\u00e7\u00e3o \u00e9 uma mais-valia para a sess\u00e3o fotogr\u00e1fica - isto significa, por exemplo, \u00e1reas verdes bem cuidadas, mobili\u00e1rio de p\u00e1tio limpo, toalhas para as casas de banho. Isto \u00e9 v\u00e1lido tanto para casas de f\u00e9rias como para fotografia imobili\u00e1ria.<\/p>\n<p>Para casas de f\u00e9rias, tamb\u00e9m recomendo decorar a propriedade da mesma forma que os h\u00f3spedes v\u00e3o encontr\u00e1-los na sua chegada. Por exemplo, se voc\u00ea der uma garrafa de vinho de cortesia, por favor, certifique-se de que podemos mostrar isso em uma das fotos.<\/p>\n<\/div><\/div><\/div><div class=\"et_pb_module et_pb_button_module_wrapper et_pb_button_3_wrapper\"><a class=\"et_pb_button_3 et_pb_button et_pb_bg_layout_light et_pb_module et_flex_module sfly_inline_button\" href=\"https:\/\/asv.pt\/pt\/contato\/\">Mais perguntas?<\/a><\/div><\/div><\/div><\/div><div class=\"et_pb_section_6 et_pb_section et_section_regular et_block_section sfly_feature sfly_feature_3\"><div class=\"et_pb_row_9 et_pb_row et_block_row\"><div class=\"et_pb_column_18 et_pb_column et_pb_column_1_2 et_block_column et_pb_css_mix_blend_mode_passthrough column1\"><div class=\"et_pb_text_5 et_pb_text et_pb_bg_layout_light et_pb_module et_flex_module preset--module--divi-text--default\"><div class=\"et_pb_text_inner\"><h2>Arredores<\/h2>\n<p>N\u00e3o s\u00f3 fotos do edif\u00edcio ou do interior s\u00e3o vitais para o sucesso do seu an\u00fancio. Seus futuros h\u00f3spedes ou propriet\u00e1rios ter\u00e3o uma melhor compreens\u00e3o do que eles podem esperar com as fotos do ambiente. A cidade, o mar, as praias, ou apenas uma simples bica. Ajuda a vender.<\/p>\n<p>Estas imagens s\u00e3o o que faz a diferen\u00e7a e diferencia o seu an\u00fancio do resto.<\/p>\n<\/div><\/div><div class=\"et_pb_module et_pb_button_module_wrapper et_pb_button_4_wrapper\"><a class=\"et_pb_button_4 et_pb_button et_pb_bg_layout_light et_pb_module et_flex_module sfly_inline_button\" href=\"https:\/\/asv.pt\/pt\/contato\/\">Eu quero isso!<\/a><\/div><\/div><div class=\"et_pb_column_19 et_pb_column et_pb_column_1_2 et-last-child et_block_column et_pb_column_empty et_pb_css_mix_blend_mode_passthrough column2\"><\/div><\/div><\/div><div class=\"et_pb_section_7 et_pb_section et_section_regular et_block_section sfly_image sfly_image_3\"><div class=\"et_pb_row_10 et_pb_row et_pb_gutters2 et_block_row\"><div class=\"et_pb_column_20 et_pb_column et_pb_column_1_3 et_block_column et_pb_css_mix_blend_mode_passthrough\"><div class=\"et_pb_image_9 et_pb_image et_pb_has_overlay et_animated et_pb_module et_flex_module preset--module--divi-image--default\"><a href=\"https:\/\/asv.pt\/wp-content\/uploads\/2021\/05\/Coastline.jpg\" title=\"Linha costeira\" class=\"et_pb_lightbox_image\"><span class=\"et_pb_image_wrap\"><img decoding=\"async\" src=\"https:\/\/asv.pt\/wp-content\/uploads\/2021\/05\/Coastline.jpg\" alt=\"Linha costeira\" title=\"Linha costeira\" width=\"2048\" height=\"1365\" class=\"wp-image-852\" \/><span class=\"et_overlay\"><\/span><\/span><\/a><\/div><\/div><div class=\"et_pb_column_21 et_pb_column et_pb_column_1_3 et_block_column et_pb_css_mix_blend_mode_passthrough\"><div class=\"et_pb_image_10 et_pb_image et_pb_has_overlay et_animated et_pb_module et_flex_module preset--module--divi-image--default\"><a href=\"https:\/\/asv.pt\/wp-content\/uploads\/2021\/05\/Praia.jpg\" title=\"Praia\" class=\"et_pb_lightbox_image\"><span class=\"et_pb_image_wrap\"><img decoding=\"async\" src=\"https:\/\/asv.pt\/wp-content\/uploads\/2021\/05\/Praia.jpg\" alt=\"Praia\" title=\"Praia\" width=\"2048\" height=\"1365\" class=\"wp-image-853\" \/><span class=\"et_overlay\"><\/span><\/span><\/a><\/div><\/div><div class=\"et_pb_column_22 et_pb_column et_pb_column_1_3 et-last-child et_block_column et_pb_css_mix_blend_mode_passthrough\"><div class=\"et_pb_image_11 et_pb_image et_pb_has_overlay et_animated et_pb_module et_flex_module preset--module--divi-image--default\"><a href=\"https:\/\/asv.pt\/wp-content\/uploads\/2021\/05\/BeachView-scaled.jpg\" title=\"Vista para a praia\" class=\"et_pb_lightbox_image\"><span class=\"et_pb_image_wrap\"><img decoding=\"async\" src=\"https:\/\/asv.pt\/wp-content\/uploads\/2021\/05\/BeachView-scaled.jpg\" alt=\"Vista para a praia\" title=\"Vista para a praia\" width=\"2560\" height=\"1502\" class=\"wp-image-873\" \/><span class=\"et_overlay\"><\/span><\/span><\/a><\/div><\/div><\/div><div class=\"et_pb_row_11 et_pb_row et_pb_gutters2 et_block_row\"><div class=\"et_pb_column_23 et_pb_column et_pb_column_1_3 et_block_column et_pb_css_mix_blend_mode_passthrough\"><div class=\"et_pb_image_12 et_pb_image et_pb_has_overlay et_animated et_pb_module et_flex_module preset--module--divi-image--default\"><a href=\"https:\/\/asv.pt\/wp-content\/uploads\/2021\/05\/Beach.jpg\" title=\"Praia\" class=\"et_pb_lightbox_image\"><span class=\"et_pb_image_wrap\"><img decoding=\"async\" src=\"https:\/\/asv.pt\/wp-content\/uploads\/2021\/05\/Beach.jpg\" alt=\"Praia\" title=\"Praia\" width=\"2048\" height=\"1536\" class=\"wp-image-962\" \/><span class=\"et_overlay\"><\/span><\/span><\/a><\/div><\/div><div class=\"et_pb_column_24 et_pb_column et_pb_column_1_3 et_block_column et_pb_css_mix_blend_mode_passthrough\"><div class=\"et_pb_image_13 et_pb_image et_pb_has_overlay et_animated et_pb_module et_flex_module preset--module--divi-image--default\"><a href=\"https:\/\/asv.pt\/wp-content\/uploads\/2021\/05\/Bika.jpg\" title=\"Bika \/ Expresso\" class=\"et_pb_lightbox_image\"><span class=\"et_pb_image_wrap\"><img decoding=\"async\" src=\"https:\/\/asv.pt\/wp-content\/uploads\/2021\/05\/Bika.jpg\" alt=\"Bika \/ Expresso\" title=\"Bika \/ Expresso\" width=\"1024\" height=\"768\" class=\"wp-image-874\" \/><span class=\"et_overlay\"><\/span><\/span><\/a><\/div><\/div><div class=\"et_pb_column_25 et_pb_column et_pb_column_1_3 et-last-child et_block_column et_pb_css_mix_blend_mode_passthrough\"><div class=\"et_pb_image_14 et_pb_image et_pb_has_overlay et_animated et_pb_module et_flex_module preset--module--divi-image--default\"><a href=\"https:\/\/asv.pt\/wp-content\/uploads\/2021\/05\/GrumpyCat.jpg\" title=\"Gato mal-humorado\" class=\"et_pb_lightbox_image\"><span class=\"et_pb_image_wrap\"><img decoding=\"async\" src=\"https:\/\/asv.pt\/wp-content\/uploads\/2021\/05\/GrumpyCat.jpg\" alt=\"Gato mal-humorado\" title=\"Gato mal-humorado\" width=\"2048\" height=\"1369\" class=\"wp-image-857\" \/><span class=\"et_overlay\"><\/span><\/span><\/a><\/div><\/div><\/div><\/div><div class=\"et_pb_section_8 et_pb_section et_pb_fullwidth_section et_section_regular et_block_section sfly_hero sfly_hero_2\"><section class=\"et_pb_fullwidth_header_1 et_pb_fullwidth_header et_pb_bg_layout_dark et_pb_text_align_center et_animated et_pb_section_parallax et_pb_module et_flex_module sfly_fullwidth_header\"><span class=\"et-pb-parallax-wrapper\"><span class=\"et-pb-parallax-background et-pb-parallax-background-module--divi-fullwidth-header-1\" style=\"background-image:url(https:\/\/asv.pt\/wp-content\/uploads\/2021\/05\/Sailing.jpg)\"><\/span><\/span><div class=\"et_pb_fullwidth_header_container center\"><div class=\"header-content-container center\"><div class=\"header-content et_flex_module\"><h1 class=\"et_pb_module_header\">N\u00e3o S\u00f3 Casas<\/h1><div class=\"et_pb_header_content_wrapper\"><p>N\u00e3o me dedico apenas \u00e0 fotografia de interiores. Tem uma empresa para a qual precisa de imagens significativas? Precisa de fotografias de carros, barcos, avi\u00f5es ou das instala\u00e7\u00f5es da sua empresa?<\/p>\n<p>Vamos falar sobre o assunto e trabalhar em conjunto.<\/p>\n<\/div><div class=\"et_pb_header_button_wrapper\"><a class=\"et_pb_button et_pb_more_button et_pb_button_one\" href=\"https:\/\/asv.pt\/pt\/contato\/\">Contato<\/a><\/div><\/div><\/div><\/div><div class=\"et_pb_fullwidth_header_overlay\"><\/div><div class=\"et_pb_fullwidth_header_scroll\"><\/div><\/section><\/div><div class=\"et_pb_section_9 et_pb_section et_pb_fullwidth_section et_section_regular et_block_section\"><div class=\"et_pb_fullwidth_image_0 et_pb_fullwidth_image et_pb_module\"><img decoding=\"async\" src=\"https:\/\/asv.pt\/wp-content\/uploads\/2021\/05\/Lagos.jpg\" alt=\"Lagos\" title=\"Lagos\" width=\"2048\" height=\"1162\" class=\"wp-image-916\" \/><\/div><\/div>","protected":false},"excerpt":{"rendered":"","protected":false},"author":1,"featured_media":0,"parent":0,"menu_order":0,"comment_status":"closed","ping_status":"closed","template":"","meta":{"footnotes":""},"class_list":["post-32","page","type-page","status-publish","hentry"],"_links":{"self":[{"href":"https:\/\/asv.pt\/pt\/wp-json\/wp\/v2\/pages\/32","targetHints":{"allow":["GET"]}}],"collection":[{"href":"https:\/\/asv.pt\/pt\/wp-json\/wp\/v2\/pages"}],"about":[{"href":"https:\/\/asv.pt\/pt\/wp-json\/wp\/v2\/types\/page"}],"author":[{"embeddable":true,"href":"https:\/\/asv.pt\/pt\/wp-json\/wp\/v2\/users\/1"}],"replies":[{"embeddable":true,"href":"https:\/\/asv.pt\/pt\/wp-json\/wp\/v2\/comments?post=32"}],"version-history":[{"count":6,"href":"https:\/\/asv.pt\/pt\/wp-json\/wp\/v2\/pages\/32\/revisions"}],"predecessor-version":[{"id":2784,"href":"https:\/\/asv.pt\/pt\/wp-json\/wp\/v2\/pages\/32\/revisions\/2784"}],"wp:attachment":[{"href":"https:\/\/asv.pt\/pt\/wp-json\/wp\/v2\/media?parent=32"}],"curies":[{"name":"wp","href":"https:\/\/api.w.org\/{rel}","templated":true}]}}